{"id":8828,"date":"2026-01-19T14:32:51","date_gmt":"2026-01-19T13:32:51","guid":{"rendered":"https:\/\/www.euronat.com\/hebergement\/la-cabane\/"},"modified":"2026-03-26T09:55:38","modified_gmt":"2026-03-26T08:55:38","slug":"la-cabane","status":"publish","type":"hebergement","link":"https:\/\/www.euronat.com\/de\/hebergement\/la-cabane\/","title":{"rendered":"La Cabane"},"content":{"rendered":"\n<p>Die H\u00fctte, der ideale R\u00fcckzugsort f\u00fcr gem\u00fctliche Paarurlaube, eingebettet in eine beruhigende Naturumgebung im Herzen des Lorbeerparks. Ihr gem\u00fctlicher Wohnbereich ist mit einer Schlafcouch ausgestattet, sodass du bei Bedarf G\u00e4ste empfangen kannst, wobei die Privatsph\u00e4re und der Komfort f\u00fcr zwei Personen erhalten bleiben. <\/p>\n\n<p>Genie\u00dfe die Ruhe der Natur, atme die frische Luft und lass dich von der sanften und entspannenden Atmosph\u00e4re dieser H\u00fctte verzaubern, perfekt f\u00fcr einen romantischen Kurzurlaub oder einen erholsamen Aufenthalt.<\/p>\n","protected":false},"featured_media":5332,"template":"","meta":{"_seopress_robots_primary_cat":"","_seopress_titles_title":"","_seopress_titles_desc":"","_seopress_robots_index":"","_gt_ctv_global_id":"274","_gt_ctv_id_group":false,"inline_featured_image":false,"gt_fse_maillage_image":"https:\/\/www.euronat.com\/wp-content\/uploads\/2026\/01\/La-cabane.jpg","gt_fse_maillage_titre":"La Cabane","gt_fse_maillage_alt":"La Cabane","gt_fse_maillage_resume":"","_gt_hebergement_galerie":[],"_gt_hebergement_capacite_indicative":"","footnotes":""},"gt-hebergements-campings":[],"gt-hebergements-gammes":[],"gt-hebergements-options":[449],"gt-hebergements-types":[238],"gt-hebergements-nombre-personnes":[44],"gt-hebergements-nombre-chambres":[32],"gt-hebergements-nombre-sdb":[23],"gt-hebergements-superficie":[100],"class_list":["post-8828","hebergement","type-hebergement","status-publish","has-post-thumbnail","hentry","gt-hebergements-options-20-m2","gt-hebergements-types-cabane","gt-hebergements-nombre-personnes-2-4","gt-hebergements-nombre-chambres-32","gt-hebergements-nombre-sdb-23","gt-hebergements-superficie-100"],"_links":{"self":[{"href":"https:\/\/www.euronat.com\/de\/wp-json\/wp\/v2\/hebergement\/8828","targetHints":{"allow":["GET"]}}],"collection":[{"href":"https:\/\/www.euronat.com\/de\/wp-json\/wp\/v2\/hebergement"}],"about":[{"href":"https:\/\/www.euronat.com\/de\/wp-json\/wp\/v2\/types\/hebergement"}],"version-history":[{"count":7,"href":"https:\/\/www.euronat.com\/de\/wp-json\/wp\/v2\/hebergement\/8828\/revisions"}],"predecessor-version":[{"id":15547,"href":"https:\/\/www.euronat.com\/de\/wp-json\/wp\/v2\/hebergement\/8828\/revisions\/15547"}],"wp:featuredmedia":[{"embeddable":true,"href":"https:\/\/www.euronat.com\/de\/wp-json\/wp\/v2\/media\/5332"}],"wp:attachment":[{"href":"https:\/\/www.euronat.com\/de\/wp-json\/wp\/v2\/media?parent=8828"}],"wp:term":[{"taxonomy":"gt-hebergements-campings","embeddable":true,"href":"https:\/\/www.euronat.com\/de\/wp-json\/wp\/v2\/gt-hebergements-campings?post=8828"},{"taxonomy":"gt-hebergements-gammes","embeddable":true,"href":"https:\/\/www.euronat.com\/de\/wp-json\/wp\/v2\/gt-hebergements-gammes?post=8828"},{"taxonomy":"gt-hebergements-options","embeddable":true,"href":"https:\/\/www.euronat.com\/de\/wp-json\/wp\/v2\/gt-hebergements-options?post=8828"},{"taxonomy":"gt-hebergements-types","embeddable":true,"href":"https:\/\/www.euronat.com\/de\/wp-json\/wp\/v2\/gt-hebergements-types?post=8828"},{"taxonomy":"gt-hebergements-nombre-personnes","embeddable":true,"href":"https:\/\/www.euronat.com\/de\/wp-json\/wp\/v2\/gt-hebergements-nombre-personnes?post=8828"},{"taxonomy":"gt-hebergements-nombre-chambres","embeddable":true,"href":"https:\/\/www.euronat.com\/de\/wp-json\/wp\/v2\/gt-hebergements-nombre-chambres?post=8828"},{"taxonomy":"gt-hebergements-nombre-sdb","embeddable":true,"href":"https:\/\/www.euronat.com\/de\/wp-json\/wp\/v2\/gt-hebergements-nombre-sdb?post=8828"},{"taxonomy":"gt-hebergements-superficie","embeddable":true,"href":"https:\/\/www.euronat.com\/de\/wp-json\/wp\/v2\/gt-hebergements-superficie?post=8828"}],"curies":[{"name":"wp","href":"https:\/\/api.w.org\/{rel}","templated":true}]}}