{"id":8595,"date":"2025-12-09T15:30:00","date_gmt":"2025-12-09T14:30:00","guid":{"rendered":"https:\/\/www.euronat.com\/alquiler-mobil-home-naturista-gironde\/"},"modified":"2026-03-25T15:22:08","modified_gmt":"2026-03-25T14:22:08","slug":"alquiler-mobil-home-naturista-gironde","status":"publish","type":"page","link":"https:\/\/www.euronat.com\/es\/alquiler-mobil-home-naturista-gironde\/","title":{"rendered":"C\u00f4t\u00e9 Camping"},"content":{"rendered":"\n<div class=\"wp-block-group has-global-padding is-layout-constrained wp-container-core-group-is-layout-8e9d2400 wp-block-group-is-layout-constrained\" style=\"margin-top:0px;margin-bottom:0px\">\n<figure class=\"wp-block-image aligncenter size-full is-resized sep-bas\" style=\"margin-bottom:var(--wp--preset--spacing--10)\"><img decoding=\"async\" src=\"https:\/\/www.euronat.com\/wp-content\/uploads\/2025\/12\/trait-1.svg\" alt=\"trait\" class=\"wp-image-337\" style=\"aspect-ratio:0.10949529512403763;object-fit:cover;width:20px;height:auto\"\/><\/figure>\n\n\n\n<p class=\"has-text-align-center has-accent-color has-text-color has-link-color has-medium-font-size wp-elements-cf276ee9369a421789af641855b04907\" style=\"padding-top:0;text-transform:uppercase\">Alquileres en C\u00f4t\u00e9 Camping<\/p>\n\n\n\n<p class=\"has-text-align-center has-contrast-2-color has-text-color has-link-color has-molentta-font-family wp-elements-a571bb53a7cf7ca82007f760acf89501\" style=\"font-size:clamp(42.068px, 2.629rem + ((1vw - 3.2px) * 3.951), 80px);line-height:.8\">\u00bfCon ganas de unas vacaciones cerca de la naturaleza, sin renunciar al confort?<\/p>\n\n\n\n<div class=\"wp-block-columns are-vertically-aligned-center is-layout-flex wp-container-core-columns-is-layout-ed028fa6 wp-block-columns-is-layout-flex\" style=\"padding-top:var(--wp--preset--spacing--20);padding-bottom:var(--wp--preset--spacing--20)\">\n<div class=\"wp-block-column is-vertically-aligned-center animated fadeIn slow is-layout-flow wp-block-column-is-layout-flow\" style=\"flex-basis:40%\">\n<figure class=\"wp-block-image size-full has-custom-border\"><img decoding=\"async\" width=\"1130\" height=\"2000\" src=\"https:\/\/www.euronat.com\/wp-content\/uploads\/2026\/01\/locations-camping-euronat-e1768477116693.jpg\" alt=\"Alquileres casas m&#xF3;viles Euronat\" class=\"wp-image-5852\" style=\"border-top-left-radius:200px;border-top-right-radius:200px;border-bottom-left-radius:200px;border-bottom-right-radius:200px\" srcset=\"https:\/\/www.euronat.com\/wp-content\/uploads\/2026\/01\/locations-camping-euronat-e1768477116693.jpg 1130w, https:\/\/www.euronat.com\/wp-content\/uploads\/2026\/01\/locations-camping-euronat-e1768477116693-170x300.jpg 170w, https:\/\/www.euronat.com\/wp-content\/uploads\/2026\/01\/locations-camping-euronat-e1768477116693-579x1024.jpg 579w, https:\/\/www.euronat.com\/wp-content\/uploads\/2026\/01\/locations-camping-euronat-e1768477116693-768x1359.jpg 768w, https:\/\/www.euronat.com\/wp-content\/uploads\/2026\/01\/locations-camping-euronat-e1768477116693-868x1536.jpg 868w\" sizes=\"(max-width: 1130px) 100vw, 1130px\" \/><\/figure>\n<\/div>\n\n\n\n<div class=\"wp-block-column is-vertically-aligned-center is-layout-flow wp-block-column-is-layout-flow\" style=\"flex-basis:60%\">\n<h1 class=\"wp-block-heading\">Alquiler de mobil-homes naturistas en Gironda<\/h1>\n\n\n\n<p><a href=\"https:\/\/www.euronat.com\/es\/\" data-type=\"page\" data-id=\"5\">Nuestro camping naturista en el M\u00e9doc<\/a> os ofrece el alquiler de mobil-homes en Gironde, en un <strong>entorno excepcional<\/strong> entre <strong>oc\u00e9ano<\/strong>, <strong>pinar<\/strong> y <strong>ambiente acogedor<\/strong>. <\/p>\n\n\n\n<p>Descubrid en los alojamientos C\u00f4t\u00e9 Camping nuestras caba\u00f1as y mobil-homes, situados en la zona Polyn\u00e9sie y en el \u00e1rea de los mobil-homes, a dos pasos de la <strong>talasoterapia<\/strong> y cerca de la <strong>piscina<\/strong>. Sencillos y confortables, todos disponen de terraza cubierta, zona de cocina, zona de estar y de uno a tres habitaciones. <\/p>\n\n\n\n<p>Tanto si busc\u00e1is un alojamiento <strong>pr\u00e1ctico<\/strong>, <strong>espacioso <\/strong>o diferente, en Euronat encontrar\u00e9is una oferta variada de mobil-homes, caba\u00f1as, alojamientos singulares y <a href=\"https:\/\/www.euronat.com\/es\/alquiler-parcela-naturista\/\" data-type=\"page\" data-id=\"48\">parcelas en alquiler en Gironde<\/a>.<\/p>\n\n\n\n<p><strong>Los mobil-homes grandes (Espace e Infini) se alquilan exclusivamente de viernes a viernes durante la temporada alta (finales de junio \u2013 mediados de septiembre). <br\/>En temporada baja: alquiler por noche con un m\u00ednimo de 2 noches.<\/strong><\/p>\n\n\n\n<p><strong>Para el resto de alojamientos en C\u00f4t\u00e9 Camping, en temporada alta (finales de junio \u2013 principios de septiembre): llegada los s\u00e1bados y alquiler por semana \u00fanicamente. <br\/>En temporada baja: alquiler por noche con un m\u00ednimo de 2 noches.<\/strong><\/p>\n\n\n\n<p>\u00a1Descubrid tambi\u00e9n nuestros alojamientos en <a href=\"https:\/\/www.euronat.com\/es\/alojamiento-naturista-gironde\/\" data-type=\"page\" data-id=\"44\">alquiler en C\u00f4t\u00e9 Village o C\u00f4t\u00e9 Plage<\/a>!<\/p>\n<\/div>\n<\/div>\n\n\n\n<figure class=\"wp-block-image aligncenter size-full is-resized sep-haut\" style=\"margin-top:var(--wp--preset--spacing--10)\"><img decoding=\"async\" src=\"https:\/\/www.euronat.com\/wp-content\/uploads\/2025\/12\/trait-haut.svg\" alt=\"trait haut\" class=\"wp-image-350\" style=\"aspect-ratio:0.10949529512403763;object-fit:cover;width:20px;height:auto\"\/><\/figure>\n<\/div>\n\n<section class=\"wp-block-group alignfull section-village section-village-bis has-background has-global-padding is-layout-constrained wp-container-core-group-is-layout-c4f6a068 wp-block-group-is-layout-constrained\" style=\"background-color:#af9d8533;margin-top:0px\">\n<figure class=\"wp-block-image aligncenter size-full is-resized sep-bas\" style=\"margin-bottom:var(--wp--preset--spacing--10)\"><img decoding=\"async\" src=\"https:\/\/www.euronat.com\/wp-content\/uploads\/2025\/12\/trait-1.svg\" alt=\"trait\" class=\"wp-image-337\" style=\"aspect-ratio:0.10949529512403763;object-fit:cover;width:20px;height:auto\"\/><\/figure>\n\n\n\n<div class=\"wp-block-columns are-vertically-aligned-top is-layout-flex wp-container-core-columns-is-layout-1c49c0c3 wp-block-columns-is-layout-flex\" style=\"margin-top:0;margin-bottom:0;padding-top:var(--wp--preset--spacing--40);padding-bottom:var(--wp--preset--spacing--20)\">\n<div class=\"wp-block-column is-vertically-aligned-top is-layout-flow wp-block-column-is-layout-flow\">\n<h2 class=\"wp-block-heading has-text-align-center has-contrast-2-color has-text-color has-link-color wp-elements-4731ea69d24aa34d8d0f017485d7970b\" style=\"font-size:clamp(1.743rem, 1.743rem + ((1vw - 0.2rem) * 2.095), 3rem);\">Nuestras gamas de mobil-homes en alquiler<\/h2>\n\n\n\n<figure class=\"wp-block-image aligncenter size-full\"><img decoding=\"async\" width=\"100\" height=\"32\" src=\"https:\/\/www.euronat.com\/wp-content\/uploads\/2025\/12\/separation-cercles-bis.png\" alt=\"separation cercles bis\" class=\"wp-image-367\"\/><\/figure>\n<\/div>\n<\/div>\n\n\n\n<div class=\"wp-block-columns alignfull are-vertically-aligned-center gt-reverse-mobile is-layout-flex wp-container-core-columns-is-layout-a1f023c2 wp-block-columns-is-layout-flex\" style=\"border-radius:0px;margin-top:0px;margin-right:0px;margin-bottom:0px;margin-left:0px;padding-top:var(--wp--preset--spacing--20);padding-right:40px;padding-bottom:var(--wp--preset--spacing--20);padding-left:40px\">\n<div class=\"wp-block-column is-vertically-aligned-center animated fadeIn slow is-layout-flow wp-block-column-is-layout-flow\">\n<div data-swiper=\"{&quot;speed&quot;:400,&quot;spaceBetween&quot;:16,&quot;slidesPerView&quot;:1,&quot;createElements&quot;:true,&quot;loop&quot;:true,&quot;freemode&quot;:true,&quot;navigation&quot;:{&quot;nextEl&quot;:false,&quot;prevEl&quot;:false},&quot;pagination&quot;:{&quot;el&quot;:false,&quot;dynamicBullets&quot;:true},&quot;breakpoints&quot;:[{&quot;slidesPerView&quot;:1}],&quot;autoplay&quot;:true,&quot;delay&quot;:3000}\" class=\"wp-block-group gt-is-slider gt-is-slider-desktop is-layout-grid wp-container-core-group-is-layout-988b637e wp-block-group-is-layout-grid\">\n<figure class=\"wp-block-image alignleft size-full has-custom-border\" style=\"margin-top:0;margin-right:0px;margin-bottom:0;margin-left:0px\"><img decoding=\"async\" width=\"1600\" height=\"1067\" src=\"https:\/\/www.euronat.com\/wp-content\/uploads\/2026\/01\/Goeland.jpg\" alt=\"Mobil-home Go&#xE9;land\" class=\"wp-image-5722\" style=\"border-top-left-radius:40px;border-top-right-radius:40px;border-bottom-left-radius:40px;border-bottom-right-radius:40px;aspect-ratio:4\/3;object-fit:cover\" srcset=\"https:\/\/www.euronat.com\/wp-content\/uploads\/2026\/01\/Goeland.jpg 1600w, https:\/\/www.euronat.com\/wp-content\/uploads\/2026\/01\/Goeland-300x200.jpg 300w, https:\/\/www.euronat.com\/wp-content\/uploads\/2026\/01\/Goeland-1024x683.jpg 1024w, https:\/\/www.euronat.com\/wp-content\/uploads\/2026\/01\/Goeland-768x512.jpg 768w, https:\/\/www.euronat.com\/wp-content\/uploads\/2026\/01\/Goeland-1536x1024.jpg 1536w\" sizes=\"(max-width: 1600px) 100vw, 1600px\" \/><figcaption class=\"wp-element-caption\">Mobil-home Go\u00e9land<\/figcaption><\/figure>\n\n\n\n<figure class=\"wp-block-image alignleft size-full has-custom-border wp-container-content-2155ee95\" style=\"margin-top:0;margin-right:0px;margin-bottom:0;margin-left:0px\"><img decoding=\"async\" width=\"2000\" height=\"1116\" src=\"https:\/\/www.euronat.com\/wp-content\/uploads\/2026\/01\/MH-Aigrette.jpg\" alt=\"Mobil-home Aigrette\" class=\"wp-image-5317\" style=\"border-top-left-radius:40px;border-top-right-radius:40px;border-bottom-left-radius:40px;border-bottom-right-radius:40px;aspect-ratio:4\/3;object-fit:cover\" srcset=\"https:\/\/www.euronat.com\/wp-content\/uploads\/2026\/01\/MH-Aigrette.jpg 2000w, https:\/\/www.euronat.com\/wp-content\/uploads\/2026\/01\/MH-Aigrette-300x167.jpg 300w, https:\/\/www.euronat.com\/wp-content\/uploads\/2026\/01\/MH-Aigrette-1024x571.jpg 1024w, https:\/\/www.euronat.com\/wp-content\/uploads\/2026\/01\/MH-Aigrette-768x429.jpg 768w, https:\/\/www.euronat.com\/wp-content\/uploads\/2026\/01\/MH-Aigrette-1536x857.jpg 1536w\" sizes=\"(max-width: 2000px) 100vw, 2000px\" \/><figcaption class=\"wp-element-caption\">Mobil-home Aigrette<\/figcaption><\/figure>\n\n\n\n<figure class=\"wp-block-image alignleft size-full has-custom-border\" style=\"margin-top:0;margin-right:0px;margin-bottom:0;margin-left:0px\"><img decoding=\"async\" width=\"2000\" height=\"1116\" src=\"https:\/\/www.euronat.com\/wp-content\/uploads\/2026\/01\/MH-Albatros.jpg\" alt=\"Mobil-home Albatros\" class=\"wp-image-5782\" style=\"border-top-left-radius:40px;border-top-right-radius:40px;border-bottom-left-radius:40px;border-bottom-right-radius:40px;aspect-ratio:4\/3;object-fit:cover\" srcset=\"https:\/\/www.euronat.com\/wp-content\/uploads\/2026\/01\/MH-Albatros.jpg 2000w, https:\/\/www.euronat.com\/wp-content\/uploads\/2026\/01\/MH-Albatros-300x167.jpg 300w, https:\/\/www.euronat.com\/wp-content\/uploads\/2026\/01\/MH-Albatros-1024x571.jpg 1024w, https:\/\/www.euronat.com\/wp-content\/uploads\/2026\/01\/MH-Albatros-768x429.jpg 768w, https:\/\/www.euronat.com\/wp-content\/uploads\/2026\/01\/MH-Albatros-1536x857.jpg 1536w\" sizes=\"(max-width: 2000px) 100vw, 2000px\" \/><figcaption class=\"wp-element-caption\">Mobil-home Albatros<\/figcaption><\/figure>\n\n\n\n<figure class=\"wp-block-image alignleft size-full has-custom-border\" style=\"margin-top:0;margin-right:0px;margin-bottom:0;margin-left:0px\"><img decoding=\"async\" width=\"2000\" height=\"1116\" src=\"https:\/\/www.euronat.com\/wp-content\/uploads\/2026\/01\/MH-Confort-1.jpg\" alt=\"Mobil-home Confort\" class=\"wp-image-5771\" style=\"border-top-left-radius:40px;border-top-right-radius:40px;border-bottom-left-radius:40px;border-bottom-right-radius:40px;aspect-ratio:4\/3;object-fit:cover\" srcset=\"https:\/\/www.euronat.com\/wp-content\/uploads\/2026\/01\/MH-Confort-1.jpg 2000w, https:\/\/www.euronat.com\/wp-content\/uploads\/2026\/01\/MH-Confort-1-300x167.jpg 300w, https:\/\/www.euronat.com\/wp-content\/uploads\/2026\/01\/MH-Confort-1-1024x571.jpg 1024w, https:\/\/www.euronat.com\/wp-content\/uploads\/2026\/01\/MH-Confort-1-768x429.jpg 768w, https:\/\/www.euronat.com\/wp-content\/uploads\/2026\/01\/MH-Confort-1-1536x857.jpg 1536w\" sizes=\"(max-width: 2000px) 100vw, 2000px\" \/><figcaption class=\"wp-element-caption\">Mobil-home Confort<\/figcaption><\/figure>\n\n\n\n<figure class=\"wp-block-image alignleft size-full has-custom-border\" style=\"margin-top:0;margin-right:0px;margin-bottom:0;margin-left:0px\"><img decoding=\"async\" width=\"2000\" height=\"1116\" src=\"https:\/\/www.euronat.com\/wp-content\/uploads\/2026\/01\/MH-Tradition.jpg\" alt=\"Mobil-home Tradition\" class=\"wp-image-5358\" style=\"border-top-left-radius:40px;border-top-right-radius:40px;border-bottom-left-radius:40px;border-bottom-right-radius:40px;aspect-ratio:4\/3;object-fit:cover\" srcset=\"https:\/\/www.euronat.com\/wp-content\/uploads\/2026\/01\/MH-Tradition.jpg 2000w, https:\/\/www.euronat.com\/wp-content\/uploads\/2026\/01\/MH-Tradition-300x167.jpg 300w, https:\/\/www.euronat.com\/wp-content\/uploads\/2026\/01\/MH-Tradition-1024x571.jpg 1024w, https:\/\/www.euronat.com\/wp-content\/uploads\/2026\/01\/MH-Tradition-768x429.jpg 768w, https:\/\/www.euronat.com\/wp-content\/uploads\/2026\/01\/MH-Tradition-1536x857.jpg 1536w\" sizes=\"(max-width: 2000px) 100vw, 2000px\" \/><figcaption class=\"wp-element-caption\">Mobil-home Tradition<\/figcaption><\/figure>\n\n\n\n<figure class=\"wp-block-image alignleft size-full has-custom-border\" style=\"margin-top:0;margin-right:0px;margin-bottom:0;margin-left:0px\"><img decoding=\"async\" width=\"2000\" height=\"1116\" src=\"https:\/\/www.euronat.com\/wp-content\/uploads\/2026\/01\/MH-Espace-1.jpg\" alt=\"Mobil-home Espace\" class=\"wp-image-5831\" style=\"border-top-left-radius:40px;border-top-right-radius:40px;border-bottom-left-radius:40px;border-bottom-right-radius:40px;aspect-ratio:4\/3;object-fit:cover\" srcset=\"https:\/\/www.euronat.com\/wp-content\/uploads\/2026\/01\/MH-Espace-1.jpg 2000w, https:\/\/www.euronat.com\/wp-content\/uploads\/2026\/01\/MH-Espace-1-300x167.jpg 300w, https:\/\/www.euronat.com\/wp-content\/uploads\/2026\/01\/MH-Espace-1-1024x571.jpg 1024w, https:\/\/www.euronat.com\/wp-content\/uploads\/2026\/01\/MH-Espace-1-768x429.jpg 768w, https:\/\/www.euronat.com\/wp-content\/uploads\/2026\/01\/MH-Espace-1-1536x857.jpg 1536w\" sizes=\"(max-width: 2000px) 100vw, 2000px\" \/><figcaption class=\"wp-element-caption\">Mobil-home Espace<\/figcaption><\/figure>\n\n\n\n<figure class=\"wp-block-image alignleft size-full has-custom-border\" style=\"margin-top:0;margin-right:0px;margin-bottom:0;margin-left:0px\"><img decoding=\"async\" width=\"2000\" height=\"1116\" src=\"https:\/\/www.euronat.com\/wp-content\/uploads\/2026\/01\/MH-Infini-1.jpg\" alt=\"Mobil-home Infini\" class=\"wp-image-5841\" style=\"border-top-left-radius:40px;border-top-right-radius:40px;border-bottom-left-radius:40px;border-bottom-right-radius:40px;aspect-ratio:4\/3;object-fit:cover\" srcset=\"https:\/\/www.euronat.com\/wp-content\/uploads\/2026\/01\/MH-Infini-1.jpg 2000w, https:\/\/www.euronat.com\/wp-content\/uploads\/2026\/01\/MH-Infini-1-300x167.jpg 300w, https:\/\/www.euronat.com\/wp-content\/uploads\/2026\/01\/MH-Infini-1-1024x571.jpg 1024w, https:\/\/www.euronat.com\/wp-content\/uploads\/2026\/01\/MH-Infini-1-768x429.jpg 768w, https:\/\/www.euronat.com\/wp-content\/uploads\/2026\/01\/MH-Infini-1-1536x857.jpg 1536w\" sizes=\"(max-width: 2000px) 100vw, 2000px\" \/><figcaption class=\"wp-element-caption\">Mobil-home Infini<\/figcaption><\/figure>\n<\/div>\n<\/div>\n\n\n\n<div class=\"wp-block-column is-vertically-aligned-center is-layout-flow wp-block-column-is-layout-flow\">\n<div class=\"wp-block-group full-width is-vertical is-content-justification-left is-nowrap is-layout-flex wp-container-core-group-is-layout-a2679f3f wp-block-group-is-layout-flex\" style=\"border-radius:0px;margin-top:0px;margin-right:0px;margin-bottom:0px;margin-left:0px;padding-top:0px;padding-right:0px;padding-bottom:0px;padding-left:0px\">\n<p>Nuestros mobil-homes Go\u00e9land, para unas vacaciones en pareja, est\u00e1n situados en la zona Polyn\u00e9sie, cerca del coraz\u00f3n de Euronat. Funcionales y bien equipados, todos tienen sal\u00f3n, habitaci\u00f3n independiente y una amplia terraza cubierta, \u00a1con una excelente relaci\u00f3n calidad-precio! <\/p>\n\n\n\n<p>Nuestros <strong>mobil-homes Aigrette<\/strong>, para 2 personas, est\u00e1n situados en la zona Polyn\u00e9sie. Todos disponen de sal\u00f3n con zona de cocina, habitaci\u00f3n independiente y terraza cubierta. <\/p>\n\n\n\n<p>Los <strong>mobil-homes Albatros<\/strong> son la versi\u00f3n m\u00e1s espaciosa del mobil-home Aigrette, con 2 habitaciones para toda la familia. Est\u00e1n ubicados en la zona Polyn\u00e9sie.<\/p>\n\n\n\n<p>Para 2 personas, los <strong>mobil-homes Confort <\/strong>son de peque\u00f1as dimensiones pero cuentan con un confort real, como la televisi\u00f3n. Se encuentran en la zona Polyn\u00e9sie o en el parque Acacias. <\/p>\n\n\n\n<p>Para las familias peque\u00f1as que disfrutan del modo \u00abcamping\u00bb sin sacrificar su estilo de vida. Los <strong>mobil-homes Tradition<\/strong> pueden acoger hasta 4 personas gracias a sus dos habitaciones.  <\/p>\n\n\n\n<p>Los <strong>mobil-homes Espace<\/strong> os permiten pasar las vacaciones con total tranquilidad, ya que tanto la zona de estar como la terraza son tan amplias que cada uno puede encontrar su rinc\u00f3n.<\/p>\n\n\n\n<p>Pensad en grande con los <strong>mobil-homes Infini<\/strong>. Disponibles con 2 o 3 habitaciones, estos mobil-homes ofrecen la mayor superficie de Euronat, combinando equipamiento moderno y amplitud para disfrutar del m\u00e1ximo espacio y comodidad. <\/p>\n\n\n\n<p>Reci\u00e9n ubicados en la zona Polyn\u00e9sie, los <strong>mobil-homes Cigogne<\/strong> combinan espacio y modernidad. Con sus 3 habitaciones, su luminoso sal\u00f3n equipado y su terraza cubierta, ofrecen el entorno ideal para disfrutar de las vacaciones en familia con una excelente relaci\u00f3n calidad-precio. <\/p>\n<\/div>\n<\/div>\n<\/div>\n\n\n\n<div class=\"wp-block-group is-content-justification-center is-nowrap is-layout-flex wp-container-core-group-is-layout-2d94d167 wp-block-group-is-layout-flex\" style=\"padding-top:var(--wp--preset--spacing--30);padding-bottom:var(--wp--preset--spacing--30)\">\n<div class=\"wp-block-buttons btn-vert animated fadeIn slow is-content-justification-left is-layout-flex wp-container-core-buttons-is-layout-ad415a7e wp-block-buttons-is-layout-flex\" style=\"padding-top:0\">\n<div class=\"wp-block-button\"><a class=\"wp-block-button__link wp-element-button\" href=\"https:\/\/www.euronat.com\/es\/alquiler-mobil-home-naturista-gironde\/alquiler-mobil-home-naturista-2-personas\/\" style=\"border-top-left-radius:100px;border-top-right-radius:100px;border-bottom-left-radius:100px;border-bottom-right-radius:100px;padding-top:14px;padding-right:32px;padding-bottom:14px;padding-left:32px;text-transform:uppercase\">Mobil-home para 2<\/a><\/div>\n<\/div>\n\n\n\n<div class=\"wp-block-buttons btn-vert animated fadeIn slow is-content-justification-left is-layout-flex wp-container-core-buttons-is-layout-ad415a7e wp-block-buttons-is-layout-flex\" style=\"padding-top:0\">\n<div class=\"wp-block-button\"><a class=\"wp-block-button__link wp-element-button\" href=\"https:\/\/www.euronat.com\/es\/alquiler-mobil-home-naturista-gironde\/alquiler-mobile-home-naturista-6-personas\/\" style=\"border-top-left-radius:100px;border-top-right-radius:100px;border-bottom-left-radius:100px;border-bottom-right-radius:100px;padding-top:14px;padding-right:32px;padding-bottom:14px;padding-left:32px;text-transform:uppercase\">Mobil-home para 4 a 6<\/a><\/div>\n<\/div>\n<\/div>\n\n\n\n<figure class=\"wp-block-image aligncenter size-full is-resized sep-haut\" style=\"margin-top:var(--wp--preset--spacing--10)\"><img decoding=\"async\" src=\"https:\/\/www.euronat.com\/wp-content\/uploads\/2025\/12\/trait-haut.svg\" alt=\"trait haut\" class=\"wp-image-350\" style=\"aspect-ratio:0.10949529512403763;object-fit:cover;width:20px;height:auto\"\/><\/figure>\n<\/section>\n\n<section class=\"wp-block-group alignfull section-village has-base-background-color has-background has-global-padding is-layout-constrained wp-container-core-group-is-layout-c4f6a068 wp-block-group-is-layout-constrained\" style=\"margin-top:0px\">\n<figure class=\"wp-block-image aligncenter size-full is-resized sep-bas\" style=\"margin-bottom:var(--wp--preset--spacing--10)\"><img decoding=\"async\" src=\"https:\/\/www.euronat.com\/wp-content\/uploads\/2025\/12\/trait-1.svg\" alt=\"trait\" class=\"wp-image-337\" style=\"aspect-ratio:0.10949529512403763;object-fit:cover;width:20px;height:auto\"\/><\/figure>\n\n\n\n<div class=\"wp-block-columns are-vertically-aligned-top is-layout-flex wp-container-core-columns-is-layout-1c49c0c3 wp-block-columns-is-layout-flex\" style=\"margin-top:0;margin-bottom:0;padding-top:var(--wp--preset--spacing--40);padding-bottom:var(--wp--preset--spacing--20)\">\n<div class=\"wp-block-column is-vertically-aligned-top is-layout-flow wp-block-column-is-layout-flow\">\n<h2 class=\"wp-block-heading has-text-align-center has-contrast-2-color has-text-color has-link-color wp-elements-2d64c2ae5e306ae20d8bc3f629363a0c\" style=\"font-size:clamp(1.743rem, 1.743rem + ((1vw - 0.2rem) * 2.095), 3rem);\">Alojamientos singulares para alquilar en el M\u00e9doc<\/h2>\n\n\n\n<figure class=\"wp-block-image aligncenter size-full\"><img decoding=\"async\" width=\"100\" height=\"32\" src=\"https:\/\/www.euronat.com\/wp-content\/uploads\/2025\/12\/separation-cercles-bis.png\" alt=\"separation cercles bis\" class=\"wp-image-367\"\/><\/figure>\n<\/div>\n<\/div>\n\n\n\n<div class=\"wp-block-columns alignfull are-vertically-aligned-center gt-reverse-mobile is-layout-flex wp-container-core-columns-is-layout-d49ebd1a wp-block-columns-is-layout-flex\" style=\"border-radius:0px;margin-top:0px;margin-right:0px;margin-bottom:0px;margin-left:0px;padding-top:var(--wp--preset--spacing--20);padding-right:155px;padding-bottom:var(--wp--preset--spacing--50);padding-left:155px\">\n<div class=\"wp-block-column is-vertically-aligned-center animated fadeIn slow is-layout-flow wp-block-column-is-layout-flow\" style=\"flex-basis:55%\">\n<figure class=\"wp-block-image alignright size-full has-custom-border\" style=\"margin-top:0;margin-right:0px;margin-bottom:0;margin-left:0px\"><img decoding=\"async\" width=\"2000\" height=\"1335\" src=\"https:\/\/www.euronat.com\/wp-content\/uploads\/2026\/02\/location-cabane-camping-naturiste.jpg\" alt=\"alquiler de caba&#xF1;a en camping naturista\" class=\"wp-image-8679\" style=\"border-top-left-radius:40px;border-top-right-radius:40px;border-bottom-left-radius:40px;border-bottom-right-radius:40px;aspect-ratio:4\/3;object-fit:cover\" srcset=\"https:\/\/www.euronat.com\/wp-content\/uploads\/2026\/02\/location-cabane-camping-naturiste.jpg 2000w, https:\/\/www.euronat.com\/wp-content\/uploads\/2026\/02\/location-cabane-camping-naturiste-300x200.jpg 300w, https:\/\/www.euronat.com\/wp-content\/uploads\/2026\/02\/location-cabane-camping-naturiste-1024x684.jpg 1024w, https:\/\/www.euronat.com\/wp-content\/uploads\/2026\/02\/location-cabane-camping-naturiste-768x513.jpg 768w, https:\/\/www.euronat.com\/wp-content\/uploads\/2026\/02\/location-cabane-camping-naturiste-1536x1025.jpg 1536w\" sizes=\"(max-width: 2000px) 100vw, 2000px\" \/><\/figure>\n<\/div>\n\n\n\n<div class=\"wp-block-column is-vertically-aligned-center is-layout-flow wp-block-column-is-layout-flow\" style=\"flex-basis:45%\">\n<div class=\"wp-block-group full-width is-vertical is-content-justification-left is-nowrap is-layout-flex wp-container-core-group-is-layout-3bad0007 wp-block-group-is-layout-flex\" style=\"border-radius:0px;margin-top:0px;margin-right:0px;margin-bottom:0px;margin-left:0px;padding-top:0px;padding-right:0px;padding-bottom:0px;padding-left:0px\">\n<p class=\"has-text-align-left has-accent-5-color has-text-color has-link-color has-molentta-font-family has-large-font-size wp-elements-f4278c0266a4fb14c4a73fd540ed3f45\" style=\"padding-top:0;padding-right:0;padding-bottom:0\">Tiendas Equipadas<\/p>\n\n\n\n<p class=\"has-text-align-left\">Dentro de nuestra gama \u00abC\u00f4t\u00e9 Camping\u00bb, ideal para <a href=\"https:\/\/www.euronat.com\/es\/camping-naturista-economico-ofertas\/\" data-type=\"page\" data-id=\"50\">unas vacaciones naturistas asequibles en el M\u00e9doc<\/a>, la \u00ab<strong>Tente Bengali<\/strong>\u00bb es la opci\u00f3n perfecta para los amantes de la naturaleza. Os ofrece una experiencia de camping lista para disfrutar en pleno pinar, muy cerca de la <strong>piscina<\/strong> y en el coraz\u00f3n del centro naturista. Y si busc\u00e1is un toque extra de encanto, elegid su versi\u00f3n en madera: la Caba\u00f1a Oc\u00e9ane. <\/p>\n\n\n\n<p class=\"has-text-align-left\">Con su <strong>estilo safari y su plataforma sobre pilotes,<\/strong> las <strong>Tentes Lodge<\/strong> combinan encanto aventurero y confort moderno. Espaciosas y acogedoras, pueden alojar hasta <strong>5 personas<\/strong>, y tambi\u00e9n hay una versi\u00f3n para 6 personas con <strong>4 camas individuales y 1 cama doble<\/strong>. Os conquistar\u00e1 su <strong>amplia terraza cubierta con toldo<\/strong>, perfecta para disfrutar de las noches de verano en plena naturaleza. Totalmente equipadas, estas tiendas ofrecen una experiencia de camping con toda la elegancia, <strong>\u00a1solo ten\u00e9is que llegar y disfrutar!<\/strong>   <\/p>\n\n\n\n<div class=\"wp-block-buttons btn-vert animated fadeIn slow is-content-justification-left is-layout-flex wp-container-core-buttons-is-layout-ad415a7e wp-block-buttons-is-layout-flex\" style=\"padding-top:0\">\n<div class=\"wp-block-button\"><a class=\"wp-block-button__link wp-element-button\" href=\"https:\/\/www.euronat.com\/es\/alquiler-mobil-home-naturista-gironde\/alquiler-tiendas-equipadas\/\" style=\"border-top-left-radius:100px;border-top-right-radius:100px;border-bottom-left-radius:100px;border-bottom-right-radius:100px;padding-top:14px;padding-right:32px;padding-bottom:14px;padding-left:32px;text-transform:uppercase\">Tiendas Equipadas<\/a><\/div>\n<\/div>\n<\/div>\n<\/div>\n<\/div>\n\n\n\n<div class=\"wp-block-columns alignfull are-vertically-aligned-center gt-reverse-mobile is-layout-flex wp-container-core-columns-is-layout-8783a8ab wp-block-columns-is-layout-flex\" style=\"border-radius:0px;margin-top:0px;margin-right:0px;margin-bottom:0px;margin-left:0px;padding-top:var(--wp--preset--spacing--40);padding-right:155px;padding-bottom:var(--wp--preset--spacing--40);padding-left:155px\">\n<div class=\"wp-block-column is-vertically-aligned-center is-layout-flow wp-block-column-is-layout-flow\" style=\"flex-basis:45%\">\n<div class=\"wp-block-group full-width is-vertical is-content-justification-left is-nowrap is-layout-flex wp-container-core-group-is-layout-3bad0007 wp-block-group-is-layout-flex\" style=\"border-radius:0px;margin-top:0px;margin-right:0px;margin-bottom:0px;margin-left:0px;padding-top:0px;padding-right:0px;padding-bottom:0px;padding-left:0px\">\n<p class=\"has-text-align-left has-accent-5-color has-text-color has-link-color has-molentta-font-family has-large-font-size wp-elements-c62cc4dfc61b59ed5110c0ada186996b\" style=\"padding-top:0;padding-right:0;padding-bottom:0\">Cabanes<\/p>\n\n\n\n<p class=\"has-text-align-left\">Dejaos seducir por el encanto aut\u00e9ntico de nuestras <strong>Cabanes en C\u00f4t\u00e9 Camping<\/strong>, una invitaci\u00f3n a unas <strong>vacaciones aut\u00e9nticas y acogedoras<\/strong> en el coraz\u00f3n de la naturaleza. Ubicadas en <strong>el pinar del camping naturista<\/strong>, muy cerca de la piscina y de la talasoterapia, ofrecen un entorno tranquilo perfecto para descansar y desconectar. <\/p>\n\n\n\n<p class=\"has-text-align-left\">Totalmente de madera y ba\u00f1adas de luz, estas caba\u00f1as combinan <strong>esp\u00edritu natural y confort moderno<\/strong>, con una <strong>zona de cocina funcional<\/strong> y un <strong>cuarto de ba\u00f1o privado<\/strong> para una estancia muy agradable. La <strong>Grande Cabane<\/strong>, ideal para las familias, es la joya de nuestros alojamientos en C\u00f4t\u00e9 Camping. Ubicada sobre pilotes en el coraz\u00f3n del pinar, junto a la piscina y la talasoterapia, invita al descanso y al bienestar. Enteramente construida en madera, esta caba\u00f1a de esp\u00edritu natural cuenta con <strong>cuarto de ba\u00f1o<\/strong> y <strong>aseo independiente<\/strong>, para combinar autenticidad y confort.   <\/p>\n\n\n\n<p class=\"has-text-align-left\">Los <strong>Chalets Estuaire<\/strong> ofrecen todo lo necesario para una estancia agradable, con una excelente relaci\u00f3n calidad-precio: <strong>2 habitaciones<\/strong>, un <strong>luminoso sal\u00f3n con cocina equipada<\/strong> y una <strong>espaciosa terraza cubierta<\/strong> para disfrutar plenamente del pinar que los rodea. <\/p>\n\n\n\n<p class=\"has-text-align-left\">Con una ubicaci\u00f3n ideal <strong>junto al centro de talasoterapia<\/strong>, estos chalets se encuentran en la <strong>zona Polyn\u00e9sie<\/strong>, en un entorno apacible.<\/p>\n\n\n\n<div class=\"wp-block-buttons btn-vert animated fadeIn slow is-content-justification-left is-layout-flex wp-container-core-buttons-is-layout-ad415a7e wp-block-buttons-is-layout-flex\" style=\"padding-top:0\">\n<div class=\"wp-block-button\"><a class=\"wp-block-button__link wp-element-button\" href=\"https:\/\/www.euronat.com\/es\/alquiler-mobil-home-naturista-gironde\/alquiler-cabana-naturista\/\" style=\"border-top-left-radius:100px;border-top-right-radius:100px;border-bottom-left-radius:100px;border-bottom-right-radius:100px;padding-top:14px;padding-right:32px;padding-bottom:14px;padding-left:32px;text-transform:uppercase\">Cabanes<\/a><\/div>\n<\/div>\n<\/div>\n<\/div>\n\n\n\n<div class=\"wp-block-column is-vertically-aligned-center animated fadeIn slow is-layout-flow wp-block-column-is-layout-flow\" style=\"flex-basis:55%\">\n<figure class=\"wp-block-image alignright size-full has-custom-border\" style=\"margin-top:0;margin-right:0px;margin-bottom:0;margin-left:0px\"><img decoding=\"async\" width=\"1488\" height=\"1116\" src=\"https:\/\/www.euronat.com\/wp-content\/uploads\/2026\/02\/Grande-cabane-edited.jpg\" alt=\"Grande cabane\" class=\"wp-image-10225\" style=\"border-top-left-radius:40px;border-top-right-radius:40px;border-bottom-left-radius:40px;border-bottom-right-radius:40px\" srcset=\"https:\/\/www.euronat.com\/wp-content\/uploads\/2026\/02\/Grande-cabane-edited.jpg 1488w, https:\/\/www.euronat.com\/wp-content\/uploads\/2026\/02\/Grande-cabane-edited-300x225.jpg 300w, https:\/\/www.euronat.com\/wp-content\/uploads\/2026\/02\/Grande-cabane-edited-1024x768.jpg 1024w, https:\/\/www.euronat.com\/wp-content\/uploads\/2026\/02\/Grande-cabane-edited-768x576.jpg 768w\" sizes=\"(max-width: 1488px) 100vw, 1488px\" \/><\/figure>\n<\/div>\n<\/div>\n\n\n\n<figure class=\"wp-block-image aligncenter size-full is-resized sep-haut\" style=\"margin-top:var(--wp--preset--spacing--10)\"><img decoding=\"async\" src=\"https:\/\/www.euronat.com\/wp-content\/uploads\/2025\/12\/trait-haut.svg\" alt=\"trait haut\" class=\"wp-image-350\" style=\"aspect-ratio:0.10949529512403763;object-fit:cover;width:20px;height:auto\"\/><\/figure>\n<\/section>\n\n<section class=\"wp-block-group section-cta has-base-2-background-color has-background has-global-padding is-layout-constrained wp-block-group-is-layout-constrained\" style=\"margin-top:0px;margin-bottom:0px;padding-top:0;padding-bottom:0\">\n<figure class=\"wp-block-image aligncenter size-full is-resized sep-bas\" style=\"margin-bottom:var(--wp--preset--spacing--10)\"><img decoding=\"async\" src=\"https:\/\/www.euronat.com\/wp-content\/uploads\/2025\/12\/trait-1.svg\" alt=\"trait\" class=\"wp-image-337\" style=\"aspect-ratio:0.10949529512403763;object-fit:cover;width:20px;height:auto\"\/><\/figure>\n\n\n\n<div class=\"wp-block-group alignwide has-global-padding is-layout-constrained wp-container-core-group-is-layout-f36bc466 wp-block-group-is-layout-constrained\">\n<p class=\"has-text-align-center has-contrast-2-color has-text-color has-link-color has-molentta-font-family wp-elements-79d82d50f60ff837762e09f81011e1de\" style=\"font-size:clamp(1.743rem, 1.743rem + ((1vw - 0.2rem) * 2.095), 3rem);line-height:1.2\">Descubrid nuestros alquileres en el Camping Euronat<\/p>\n<\/div>\n\n\n\n<figure class=\"wp-block-image aligncenter size-full\"><img decoding=\"async\" width=\"100\" height=\"32\" src=\"https:\/\/www.euronat.com\/wp-content\/uploads\/2025\/12\/separation-cercles-bis.png\" alt=\"separation cercles bis\" class=\"wp-image-367\"\/><\/figure>\n\n\n\n<div data-swiper=\"{&quot;speed&quot;:400,&quot;spaceBetween&quot;:16,&quot;slidesPerView&quot;:3,&quot;createElements&quot;:true,&quot;loop&quot;:true,&quot;freemode&quot;:true,&quot;navigation&quot;:{&quot;nextEl&quot;:false,&quot;prevEl&quot;:false},&quot;pagination&quot;:{&quot;el&quot;:&quot;.swiper-pagination&quot;,&quot;dynamicBullets&quot;:false},&quot;breakpoints&quot;:{&quot;0&quot;:{&quot;slidesPerView&quot;:1},&quot;380&quot;:{&quot;slidesPerView&quot;:1},&quot;720&quot;:{&quot;slidesPerView&quot;:2},&quot;1024&quot;:{&quot;slidesPerView&quot;:3}},&quot;autoplay&quot;:true,&quot;delay&quot;:3000}\" data-wp-context=\"{}\" data-wp-interactive=\"core\/query\" data-wp-key=\"0\" data-wp-router-region=\"query-0\" class=\"wp-block-query alignwide gt-fse-maillage-query gt-is-slider gt-is-slider-mobile is-layout-flow wp-block-query-is-layout-flow\"><ul style=\"margin-top:0;margin-bottom:0;\" class=\"columns-3 gt-maillage wp-block-post-template is-layout-grid wp-container-core-post-template-is-layout-e8c8ae43 wp-block-post-template-is-layout-grid\"><li data-wp-key=\"post-template-item-9222\" class=\"wp-block-post post-9222 page type-page status-publish has-post-thumbnail hentry\">\n\n<figure class=\"wp-block-image has-custom-border gt-maillage__image\"><img decoding=\"async\" src=\"https:\/\/www.euronat.com\/wp-content\/uploads\/2026\/02\/cote-village-ou-plage.jpg\" alt=\"C\u00f4t\u00e9 village o plage\" style=\"border-style:none;border-width:0px;border-top-left-radius:160px;border-top-right-radius:160px;border-bottom-left-radius:160px;border-bottom-right-radius:160px;aspect-ratio:2\/3;object-fit:cover\"\/><\/figure>\n\n\n\n<div class=\"wp-block-group has-global-padding is-layout-constrained wp-container-core-group-is-layout-3ced0f2d wp-block-group-is-layout-constrained\" style=\"border-style:none;border-width:0px;margin-top:-310px;padding-top:var(--wp--preset--spacing--10);padding-right:var(--wp--preset--spacing--10);padding-bottom:var(--wp--preset--spacing--10);padding-left:var(--wp--preset--spacing--20)\">\n<p class=\"has-text-align-center has-base-color has-text-color has-link-color has-molentta-font-family wp-elements-c3e5bc17bf78ea85076eb6ae2c3c5a77\" style=\"border-style:none;border-width:0px;border-top-left-radius:250px;border-top-right-radius:250px;border-bottom-left-radius:250px;border-bottom-right-radius:250px;padding-top:12px;padding-right:25px;padding-bottom:12px;padding-left:25px;font-size:clamp(19.481px, 1.218rem + ((1vw - 3.2px) * 1.2), 31px);font-style:normal;font-weight:400;line-height:1;text-decoration:none;text-transform:none\">C\u00f4t\u00e9 Village o Plage<\/p>\n<\/div>\n\n\n<a class=\"is-style-lien-cover wp-block-read-more\" href=\"https:\/\/www.euronat.com\/es\/alojamiento-naturista-gironde\/\" target=\"_self\">Leer m\u00e1s<span class=\"screen-reader-text\">: C\u00f4t\u00e9 Village o Plage<\/span><\/a>\n<\/li><li data-wp-key=\"post-template-item-8585\" class=\"wp-block-post post-8585 page type-page status-publish has-post-thumbnail hentry\">\n\n<figure class=\"wp-block-image has-custom-border gt-maillage__image\"><img decoding=\"async\" src=\"https:\/\/www.euronat.com\/wp-content\/uploads\/2026\/02\/emplacement-caravaning-naturiste.jpg\" alt=\"parcela de caravanos o autocaravanas naturista\" style=\"border-style:none;border-width:0px;border-top-left-radius:160px;border-top-right-radius:160px;border-bottom-left-radius:160px;border-bottom-right-radius:160px;aspect-ratio:2\/3;object-fit:cover\"\/><\/figure>\n\n\n\n<div class=\"wp-block-group has-global-padding is-layout-constrained wp-container-core-group-is-layout-3ced0f2d wp-block-group-is-layout-constrained\" style=\"border-style:none;border-width:0px;margin-top:-310px;padding-top:var(--wp--preset--spacing--10);padding-right:var(--wp--preset--spacing--10);padding-bottom:var(--wp--preset--spacing--10);padding-left:var(--wp--preset--spacing--20)\">\n<p class=\"has-text-align-center has-base-color has-text-color has-link-color has-molentta-font-family wp-elements-c3e5bc17bf78ea85076eb6ae2c3c5a77\" style=\"border-style:none;border-width:0px;border-top-left-radius:250px;border-top-right-radius:250px;border-bottom-left-radius:250px;border-bottom-right-radius:250px;padding-top:12px;padding-right:25px;padding-bottom:12px;padding-left:25px;font-size:clamp(19.481px, 1.218rem + ((1vw - 3.2px) * 1.2), 31px);font-style:normal;font-weight:400;line-height:1;text-decoration:none;text-transform:none\">Parcelas<\/p>\n<\/div>\n\n\n<a class=\"is-style-lien-cover wp-block-read-more\" href=\"https:\/\/www.euronat.com\/es\/alquiler-parcela-naturista\/\" target=\"_self\">Leer m\u00e1s<span class=\"screen-reader-text\">: Parcelas<\/span><\/a>\n<\/li><li data-wp-key=\"post-template-item-9505\" class=\"wp-block-post post-9505 page type-page status-publish has-post-thumbnail hentry\">\n\n<figure class=\"wp-block-image has-custom-border gt-maillage__image\"><img decoding=\"async\" src=\"https:\/\/www.euronat.com\/wp-content\/uploads\/2026\/02\/camping-naturiste-pas-cher.jpg\" alt=\"camping naturista barato\" style=\"border-style:none;border-width:0px;border-top-left-radius:160px;border-top-right-radius:160px;border-bottom-left-radius:160px;border-bottom-right-radius:160px;aspect-ratio:2\/3;object-fit:cover\"\/><\/figure>\n\n\n\n<div class=\"wp-block-group has-global-padding is-layout-constrained wp-container-core-group-is-layout-3ced0f2d wp-block-group-is-layout-constrained\" style=\"border-style:none;border-width:0px;margin-top:-310px;padding-top:var(--wp--preset--spacing--10);padding-right:var(--wp--preset--spacing--10);padding-bottom:var(--wp--preset--spacing--10);padding-left:var(--wp--preset--spacing--20)\">\n<p class=\"has-text-align-center has-base-color has-text-color has-link-color has-molentta-font-family wp-elements-c3e5bc17bf78ea85076eb6ae2c3c5a77\" style=\"border-style:none;border-width:0px;border-top-left-radius:250px;border-top-right-radius:250px;border-bottom-left-radius:250px;border-bottom-right-radius:250px;padding-top:12px;padding-right:25px;padding-bottom:12px;padding-left:25px;font-size:clamp(19.481px, 1.218rem + ((1vw - 3.2px) * 1.2), 31px);font-style:normal;font-weight:400;line-height:1;text-decoration:none;text-transform:none\">Promociones<\/p>\n<\/div>\n\n\n<a class=\"is-style-lien-cover wp-block-read-more\" href=\"https:\/\/www.euronat.com\/es\/camping-naturista-economico-ofertas\/\" target=\"_self\">Leer m\u00e1s<span class=\"screen-reader-text\">: Ofertas especiales<\/span><\/a>\n<\/li><\/ul><\/div>\n\n\n\n<figure class=\"wp-block-image aligncenter size-full is-resized sep-haut\" style=\"margin-top:var(--wp--preset--spacing--10)\"><img decoding=\"async\" src=\"https:\/\/www.euronat.com\/wp-content\/uploads\/2025\/12\/trait-haut.svg\" alt=\"trait haut\" class=\"wp-image-350\" style=\"aspect-ratio:0.10949529512403763;object-fit:cover;width:20px;height:auto\"\/><\/figure>\n<\/section>\n","protected":false},"excerpt":{"rendered":"<p>Alquileres en C\u00f4t\u00e9 Camping \u00bfCon ganas de unas vacaciones cerca de la naturaleza, sin renunciar al confort? Alquiler de mobil-homes naturistas en Gironda Nuestro camping naturista en el M\u00e9doc os ofrece el alquiler de mobil-homes en Gironde, en un entorno excepcional entre oc\u00e9ano, pinar y ambiente acogedor. Descubrid en los alojamientos C\u00f4t\u00e9 Camping nuestras caba\u00f1as [&hellip;]<\/p>\n","protected":false},"author":1,"featured_media":5863,"parent":0,"menu_order":0,"comment_status":"closed","ping_status":"closed","template":"","meta":{"_seopress_robots_primary_cat":"","_seopress_titles_title":"Alquilar mobil-home naturista en Gironde | Alquiler de mobil-home naturista en M\u00e9doc","_seopress_titles_desc":"\u00a1Disfruta de unas inolvidables vacaciones naturistas en Gironde! Al\u00f3jate en nuestras confortables mobil-homes, entre el oc\u00e9ano y el pinar, para una escapada en plena naturaleza. ","_seopress_robots_index":"","_gt_ctv_global_id":"274","_gt_ctv_id_group":false,"inline_featured_image":false,"gt_fse_maillage_image":"https:\/\/www.euronat.com\/wp-content\/uploads\/2026\/01\/offre-locations-euronat-camping-naturiste.jpg","gt_fse_maillage_titre":"C\u00f4t\u00e9 Camping","gt_fse_maillage_alt":"C\u00f4t\u00e9 Camping","gt_fse_maillage_resume":"","footnotes":""},"categories":[],"tags":[],"class_list":["post-8595","page","type-page","status-publish","has-post-thumbnail","hentry"],"_links":{"self":[{"href":"https:\/\/www.euronat.com\/es\/wp-json\/wp\/v2\/pages\/8595","targetHints":{"allow":["GET"]}}],"collection":[{"href":"https:\/\/www.euronat.com\/es\/wp-json\/wp\/v2\/pages"}],"about":[{"href":"https:\/\/www.euronat.com\/es\/wp-json\/wp\/v2\/types\/page"}],"author":[{"embeddable":true,"href":"https:\/\/www.euronat.com\/es\/wp-json\/wp\/v2\/users\/1"}],"replies":[{"embeddable":true,"href":"https:\/\/www.euronat.com\/es\/wp-json\/wp\/v2\/comments?post=8595"}],"version-history":[{"count":22,"href":"https:\/\/www.euronat.com\/es\/wp-json\/wp\/v2\/pages\/8595\/revisions"}],"predecessor-version":[{"id":14886,"href":"https:\/\/www.euronat.com\/es\/wp-json\/wp\/v2\/pages\/8595\/revisions\/14886"}],"wp:featuredmedia":[{"embeddable":true,"href":"https:\/\/www.euronat.com\/es\/wp-json\/wp\/v2\/media\/5863"}],"wp:attachment":[{"href":"https:\/\/www.euronat.com\/es\/wp-json\/wp\/v2\/media?parent=8595"}],"wp:term":[{"taxonomy":"category","embeddable":true,"href":"https:\/\/www.euronat.com\/es\/wp-json\/wp\/v2\/categories?post=8595"},{"taxonomy":"post_tag","embeddable":true,"href":"https:\/\/www.euronat.com\/es\/wp-json\/wp\/v2\/tags?post=8595"}],"curies":[{"name":"wp","href":"https:\/\/api.w.org\/{rel}","templated":true}]}}