{"id":9505,"date":"2025-12-09T15:30:07","date_gmt":"2025-12-09T14:30:07","guid":{"rendered":"https:\/\/www.euronat.com\/camping-naturista-economico-ofertas\/"},"modified":"2026-03-26T15:34:13","modified_gmt":"2026-03-26T14:34:13","slug":"camping-naturista-economico-ofertas","status":"publish","type":"page","link":"https:\/\/www.euronat.com\/es\/camping-naturista-economico-ofertas\/","title":{"rendered":"Ofertas especiales"},"content":{"rendered":"\n<section class=\"wp-block-group section-1 is-layout-flow wp-block-group-is-layout-flow\" style=\"margin-top:0px;margin-bottom:0px;padding-bottom:0\">\n<div class=\"wp-block-group has-global-padding is-layout-constrained wp-container-core-group-is-layout-8e9d2400 wp-block-group-is-layout-constrained\" style=\"margin-top:0px;margin-bottom:0px\">\n<figure class=\"wp-block-image aligncenter size-full is-resized sep-bas\" style=\"margin-bottom:var(--wp--preset--spacing--10)\"><img decoding=\"async\" src=\"https:\/\/www.euronat.com\/wp-content\/uploads\/2025\/12\/trait-1.svg\" alt=\"trait\" class=\"wp-image-337\" style=\"aspect-ratio:0.10949529512403763;object-fit:cover;width:20px;height:auto\"\/><\/figure>\n\n\n\n<p class=\"has-text-align-center has-accent-color has-text-color has-link-color has-medium-font-size wp-elements-ceac71de497781dd150bdfd65905c9f5\" style=\"padding-top:0;text-transform:uppercase\"><\/p>\n\n\n\n<p class=\"has-text-align-center has-contrast-2-color has-text-color has-link-color has-molentta-font-family has-x-large-font-size wp-elements-b3ffc14e9c5df187e1e850ab8454a214\" style=\"line-height:.8\">Promociones y ofertas especiales<\/p>\n\n\n\n<div class=\"wp-block-columns are-vertically-aligned-center is-layout-flex wp-container-core-columns-is-layout-ed028fa6 wp-block-columns-is-layout-flex\" style=\"padding-top:var(--wp--preset--spacing--20);padding-bottom:var(--wp--preset--spacing--20)\">\n<div class=\"wp-block-column is-vertically-aligned-center animated fadeIn slow is-layout-flow wp-block-column-is-layout-flow\" style=\"flex-basis:40%\">\n<figure class=\"wp-block-image size-full has-custom-border\"><img decoding=\"async\" width=\"960\" height=\"1600\" src=\"https:\/\/www.euronat.com\/wp-content\/uploads\/2026\/01\/offres-camping-naturiste-medoc-e1768399260751.jpg\" alt=\"ofertas camping naturista m&#xE9;doc\" class=\"wp-image-5511\" style=\"border-top-left-radius:200px;border-top-right-radius:200px;border-bottom-left-radius:200px;border-bottom-right-radius:200px\" srcset=\"https:\/\/www.euronat.com\/wp-content\/uploads\/2026\/01\/offres-camping-naturiste-medoc-e1768399260751.jpg 960w, https:\/\/www.euronat.com\/wp-content\/uploads\/2026\/01\/offres-camping-naturiste-medoc-e1768399260751-180x300.jpg 180w, https:\/\/www.euronat.com\/wp-content\/uploads\/2026\/01\/offres-camping-naturiste-medoc-e1768399260751-614x1024.jpg 614w, https:\/\/www.euronat.com\/wp-content\/uploads\/2026\/01\/offres-camping-naturiste-medoc-e1768399260751-768x1280.jpg 768w, https:\/\/www.euronat.com\/wp-content\/uploads\/2026\/01\/offres-camping-naturiste-medoc-e1768399260751-922x1536.jpg 922w\" sizes=\"(max-width: 960px) 100vw, 960px\" \/><\/figure>\n<\/div>\n\n\n\n<div class=\"wp-block-column is-vertically-aligned-center is-layout-flow wp-block-column-is-layout-flow\" style=\"flex-basis:60%\">\n<h1 class=\"wp-block-heading\">Camping naturista barato en Gironda  <\/h1>\n\n\n\n<p><strong>\u00bfCon ganas de unas vacaciones en plena naturaleza, al mejor precio?<\/strong><br\/>Euronat, nuestro camping naturista en Gironde, os ofrece <strong>atractivas promociones<\/strong> a lo largo de toda la temporada. <\/p>\n\n\n\n<p>Tanto si opt\u00e1is por un <a href=\"https:\/\/www.euronat.com\/es\/alojamiento-naturista-gironde\/\" data-type=\"page\" data-id=\"44\">alojamiento en C\u00f4t\u00e9 Village o C\u00f4t\u00e9 Plage<\/a> como por una <a href=\"https:\/\/www.euronat.com\/es\/alquiler-parcela-naturista\/\" data-type=\"page\" data-id=\"48\">parcela de camping o caravanas en el M\u00e9doc<\/a>, disfrutar\u00e9is de la <strong>mejor<\/strong> <strong>relaci\u00f3n calidad-precio<\/strong> para unas vacaciones naturistas acogedoras en un <strong>entorno natural excepcional<\/strong>.<\/p>\n\n\n\n<p>Situado en el coraz\u00f3n del pinar y a pocos pasos del oc\u00e9ano, Euronat os brinda la oportunidad de alojaros en un camping naturista econ\u00f3mico en el M\u00e9doc, sin renunciar a la <strong>calidad de las prestaciones<\/strong>. <\/p>\n\n\n\n<p>Alojamientos confortables, actividades variadas, acceso directo a la playa y a un espacio de bienestar: todo est\u00e1 reunido para vivir unas vacaciones naturistas perfectas, al precio m\u00e1s justo en un <a href=\"https:\/\/www.euronat.com\/es\/\" data-type=\"page\" data-id=\"5\">camping naturista en Francia<\/a>.<\/p>\n<\/div>\n<\/div>\n<\/div>\n\n\n\n<figure class=\"wp-block-image aligncenter size-full is-resized sep-haut\" style=\"margin-top:var(--wp--preset--spacing--10)\"><img decoding=\"async\" src=\"https:\/\/www.euronat.com\/wp-content\/uploads\/2025\/12\/trait-haut.svg\" alt=\"trait haut\" class=\"wp-image-350\" style=\"aspect-ratio:0.10949529512403763;object-fit:cover;width:20px;height:auto\"\/><\/figure>\n<\/section>\n\n<div class=\"wp-block-group section-village section-village-bis has-background has-global-padding is-layout-constrained wp-container-core-group-is-layout-c85120b8 wp-block-group-is-layout-constrained\" style=\"background-color:#af9d8533;margin-top:0px;margin-bottom:0px\">\n<figure class=\"wp-block-image aligncenter size-full is-resized sep-bas\" style=\"margin-bottom:var(--wp--preset--spacing--10)\"><img decoding=\"async\" src=\"https:\/\/www.euronat.com\/wp-content\/uploads\/2025\/12\/trait-1.svg\" alt=\"trait\" class=\"wp-image-337\" style=\"aspect-ratio:0.10949529512403763;object-fit:cover;width:20px;height:auto\"\/><\/figure>\n\n\n\n<div class=\"wp-block-columns are-vertically-aligned-top is-layout-flex wp-container-core-columns-is-layout-9a519280 wp-block-columns-is-layout-flex\" style=\"margin-top:0;margin-bottom:0;padding-top:var(--wp--preset--spacing--40);padding-bottom:var(--wp--preset--spacing--40)\">\n<div class=\"wp-block-column is-vertically-aligned-top is-layout-flow wp-block-column-is-layout-flow\">\n<figure class=\"wp-block-image aligncenter size-full mask-shape\" style=\"margin-top:-75px;margin-right:0px;margin-bottom:0px;margin-left:0px\"><img decoding=\"async\" width=\"1365\" height=\"1365\" src=\"https:\/\/www.euronat.com\/wp-content\/uploads\/2026\/01\/MH-Laurier-edited.jpg\" alt=\"Mobil-home Laurier\" class=\"wp-image-5590\" style=\"aspect-ratio:1;object-fit:cover\" srcset=\"https:\/\/www.euronat.com\/wp-content\/uploads\/2026\/01\/MH-Laurier-edited.jpg 1365w, https:\/\/www.euronat.com\/wp-content\/uploads\/2026\/01\/MH-Laurier-edited-300x300.jpg 300w, https:\/\/www.euronat.com\/wp-content\/uploads\/2026\/01\/MH-Laurier-edited-1024x1024.jpg 1024w, https:\/\/www.euronat.com\/wp-content\/uploads\/2026\/01\/MH-Laurier-edited-150x150.jpg 150w, https:\/\/www.euronat.com\/wp-content\/uploads\/2026\/01\/MH-Laurier-edited-768x768.jpg 768w\" sizes=\"(max-width: 1365px) 100vw, 1365px\" \/><\/figure>\n<\/div>\n\n\n\n<div class=\"wp-block-column is-vertically-aligned-top is-layout-flow wp-block-column-is-layout-flow\">\n<h2 class=\"wp-block-heading has-text-align-left has-contrast-2-color has-text-color has-link-color wp-elements-06bcb48ce578d900c957475bf7842aed\" style=\"font-size:clamp(1.743rem, 1.743rem + ((1vw - 0.2rem) * 2.095), 3rem);\">Las promociones y ofertas especiales en los alojamientos de Euronat<\/h2>\n\n\n\n<figure class=\"wp-block-image size-full\"><img decoding=\"async\" width=\"100\" height=\"32\" src=\"https:\/\/www.euronat.com\/wp-content\/uploads\/2025\/12\/separation-cercles-bise.png\" alt=\"separation cercles bise\" class=\"wp-image-478\"\/><\/figure>\n\n\n\n<p class=\"has-text-align-left\">Nuestras <strong>ofertas permanentes<\/strong> en los <a href=\"https:\/\/www.euronat.com\/es\/alquiler-mobil-home-naturista-gironde\/\" data-type=\"page\" data-id=\"46\">alojamientos de C\u00f4t\u00e9 Camping<\/a>, C\u00f4t\u00e9 Village o C\u00f4t\u00e9 Plage est\u00e1n dise\u00f1adas para que disfrut\u00e9is de unas vacaciones naturistas de calidad al mejor precio. <\/p>\n\n\n\n<p class=\"has-text-align-left\">Aprovechad nuestra oferta especial \u00abLos fines de semana de primavera\u00bb: para cualquier reserva a partir del 7 de febrero de una estancia de 2 a 5 noches entre el 1 de abril y el 31 de mayo, los gastos de gesti\u00f3n son gratuitos.<\/p>\n<\/div>\n<\/div>\n\n\n\n<p class=\"has-text-align-center has-accent-5-color has-text-color has-link-color has-molentta-font-family has-large-font-size wp-elements-25c4f059e3ba96bcfe71966ae84190c4\" style=\"text-transform:uppercase\">Prolongad el placer, \u00a1ahorra m\u00e1s!<\/p>\n\n\n\n<p class=\"has-text-align-center has-contrast-color has-text-color has-link-color wp-elements-b8f9e37ea18b729c83b8d48b2246bdbc\">Cuanto m\u00e1s tiempo os qued\u00e9is en Euronat, m\u00e1s econ\u00f3micas ser\u00e1n vuestras vacaciones.<br\/><\/p>\n\n\n\n<div class=\"wp-block-columns are-vertically-aligned-top is-layout-flex wp-container-core-columns-is-layout-28f84493 wp-block-columns-is-layout-flex\">\n<div class=\"wp-block-column is-vertically-aligned-top is-layout-flow wp-block-column-is-layout-flow\" style=\"border-top-color:var(--wp--preset--color--accent);border-top-width:1px;border-bottom-color:var(--wp--preset--color--accent);border-bottom-width:1px;padding-top:var(--wp--preset--spacing--30);padding-bottom:var(--wp--preset--spacing--30)\">\n<div class=\"wp-block-columns are-vertically-aligned-top is-layout-flex wp-container-core-columns-is-layout-5c7e6d1b wp-block-columns-is-layout-flex\" style=\"margin-top:0;margin-bottom:0;padding-top:var(--wp--preset--spacing--10);padding-bottom:var(--wp--preset--spacing--10)\">\n<div class=\"wp-block-column is-vertically-aligned-top is-layout-flow wp-container-core-column-is-layout-18b1f34c wp-block-column-is-layout-flow\" style=\"padding-top:var(--wp--preset--spacing--40);padding-bottom:var(--wp--preset--spacing--40)\">\n<div class=\"wp-block-group is-content-justification-center is-nowrap is-layout-flex wp-container-core-group-is-layout-23441af8 wp-block-group-is-layout-flex\">\n<div class=\"wp-block-group is-content-justification-center is-nowrap is-layout-flex wp-container-core-group-is-layout-23441af8 wp-block-group-is-layout-flex\">\n<p class=\"has-text-align-center has-border-color has-contrast-2-border-color has-contrast-2-color has-text-color has-link-color wp-elements-fa954822b9ab17766077a9b6da0f1179\" style=\"border-width:1px;border-top-left-radius:50px;border-top-right-radius:50px;border-bottom-left-radius:50px;border-bottom-right-radius:50px;padding-top:14px;padding-right:32px;padding-bottom:14px;padding-left:32px;font-style:normal;font-weight:500\"><strong>15% de descuento<\/strong><\/p>\n<\/div>\n<\/div>\n\n\n\n<p class=\"has-text-align-center has-contrast-2-color has-text-color has-link-color has-molentta-font-family wp-elements-6c541e5fed72dfebe58e9a6517b942c1\" style=\"font-size:clamp(16.293px, 1.018rem + ((1vw - 3.2px) * 0.907), 25px);text-transform:uppercase\">Estancia a partir de <strong>14 noches<\/strong><\/p>\n\n\n\n<p class=\"has-text-align-center has-contrast-2-color has-text-color has-link-color wp-elements-9b9655965281067cb7f6312e5f779c82\"><em>Oferta v\u00e1lida del 1 de abril al 20 de julio y del 21 de agosto al 31 de octubre.<\/em><\/p>\n<\/div>\n\n\n\n<div class=\"wp-block-column is-vertically-aligned-top is-layout-flow wp-container-core-column-is-layout-18b1f34c wp-block-column-is-layout-flow\" style=\"border-left-color:var(--wp--preset--color--accent);border-left-width:1px;padding-top:var(--wp--preset--spacing--40);padding-bottom:var(--wp--preset--spacing--40)\">\n<div class=\"wp-block-group is-content-justification-center is-nowrap is-layout-flex wp-container-core-group-is-layout-23441af8 wp-block-group-is-layout-flex\">\n<div class=\"wp-block-group is-content-justification-center is-nowrap is-layout-flex wp-container-core-group-is-layout-23441af8 wp-block-group-is-layout-flex\">\n<p class=\"has-text-align-center has-border-color has-contrast-2-border-color has-contrast-2-color has-text-color\" style=\"border-width:1px;border-top-left-radius:50px;border-top-right-radius:50px;border-bottom-left-radius:50px;border-bottom-right-radius:50px;padding-top:14px;padding-right:32px;padding-bottom:14px;padding-left:32px;font-style:normal;font-weight:500\"><strong>25% de descuento<\/strong><\/p>\n<\/div>\n<\/div>\n\n\n\n<p class=\"has-text-align-center has-contrast-2-color has-text-color has-link-color has-molentta-font-family wp-elements-e3b73c1bde3c48b3931495eed3ecfdf1\" style=\"font-size:clamp(16.293px, 1.018rem + ((1vw - 3.2px) * 0.907), 25px);text-transform:uppercase\">Estancias a partir de <strong>21 noches<\/strong> o m\u00e1s <\/p>\n\n\n\n<p class=\"has-text-align-center has-contrast-2-color has-text-color has-link-color wp-elements-82096c929b525f99e6c673219935b619\"><em>Oferta v\u00e1lida del 1 de abril al 26 de julio y del 7 de agosto al 31 de octubre.<\/em><\/p>\n<\/div>\n<\/div>\n<\/div>\n<\/div>\n\n\n\n<div style=\"height:77px\" aria-hidden=\"true\" class=\"wp-block-spacer gt-hide-mobile\"><\/div>\n\n\n\n<figure class=\"wp-block-image aligncenter size-full is-resized sep-haut\" style=\"margin-top:var(--wp--preset--spacing--10)\"><img decoding=\"async\" src=\"https:\/\/www.euronat.com\/wp-content\/uploads\/2025\/12\/trait-haut.svg\" alt=\"trait haut\" class=\"wp-image-350\" style=\"aspect-ratio:0.10949529512403763;object-fit:cover;width:20px;height:auto\"\/><\/figure>\n<\/div>\n\n<section class=\"wp-block-group alignfull section-village has-base-background-color has-background has-global-padding is-layout-constrained wp-container-core-group-is-layout-c4f6a068 wp-block-group-is-layout-constrained\" id=\"offres-permanentes-et-fidelite\" style=\"margin-top:0px\">\n<figure class=\"wp-block-image aligncenter size-full is-resized sep-bas\" style=\"margin-bottom:var(--wp--preset--spacing--10)\"><img decoding=\"async\" src=\"https:\/\/www.euronat.com\/wp-content\/uploads\/2025\/12\/trait-1.svg\" alt=\"trait\" class=\"wp-image-337\" style=\"aspect-ratio:0.10949529512403763;object-fit:cover;width:20px;height:auto\"\/><\/figure>\n\n\n\n<h2 class=\"wp-block-heading has-text-align-center has-contrast-2-color has-text-color has-link-color wp-elements-38320314a7f51d519ba53da30cd4e0b7\" style=\"font-size:clamp(1.743rem, 1.743rem + ((1vw - 0.2rem) * 2.095), 3rem);\"> Las ofertas permanentes y el programa de fidelidad: camping naturista en Francia al mejor precio<\/h2>\n\n\n\n<figure class=\"wp-block-image aligncenter size-full\"><img decoding=\"async\" width=\"100\" height=\"32\" src=\"https:\/\/www.euronat.com\/wp-content\/uploads\/2025\/12\/separation-cercles-bis.png\" alt=\"separation cercles bis\" class=\"wp-image-367\"\/><\/figure>\n\n\n\n<p class=\"has-text-align-center\">\u00a1Euronat <strong>premia la fidelidad!<\/strong> Al alojaros regularmente en nuestro complejo naturista, disfrut\u00e1is de <strong>descuentos exclusivos<\/strong> en vuestras futuras reservas de camping y caravanas. Este programa os permite vivir unas vacaciones al mejor precio, a\u00f1o tras a\u00f1o, en un entorno que ya conoc\u00e9is y que os encanta. <\/p>\n\n\n\n<p class=\"has-text-align-center\">\u00a1Un\u00edos a una gran comunidad de veraneantes habituales que vuelven cada a\u00f1o a Euronat, nuestro camping naturista econ\u00f3mico en el M\u00e9doc!<\/p>\n\n\n\n<div class=\"wp-block-columns is-layout-flex wp-container-core-columns-is-layout-331e2fb9 wp-block-columns-is-layout-flex\" style=\"padding-top:var(--wp--preset--spacing--20)\">\n<div class=\"wp-block-column is-vertically-aligned-center col-heberg animated fadeIn slow has-border-color is-layout-flow wp-block-column-is-layout-flow\" style=\"border-color:#af9d85;border-width:1px;border-top-left-radius:180px;border-top-right-radius:180px;border-bottom-left-radius:180px;border-bottom-right-radius:180px;flex-basis:330px\">\n<div class=\"wp-block-group has-global-padding is-layout-constrained wp-container-core-group-is-layout-70fb5761 wp-block-group-is-layout-constrained\" style=\"border-style:none;border-width:0px;padding-top:8rem;padding-right:10px;padding-bottom:8rem;padding-left:10px\">\n<p class=\"has-text-align-center has-accent-color has-text-color has-link-color has-medium-font-size wp-elements-192a0380ae5b6e3ace839e1fce4f02a9\" style=\"text-transform:uppercase\">Programa de fidelidad<\/p>\n\n\n\n<p class=\"has-text-align-center has-accent-color has-text-color has-link-color has-molentta-font-family wp-elements-4e1d9163996751c9ce11297319963e65\" style=\"font-size:clamp(19.481px, 1.218rem + ((1vw - 3.2px) * 1.2), 31px);line-height:1\">7 noches por el precio de 6<\/p>\n\n\n\n<p class=\"has-text-align-center has-accent-color has-text-color has-link-color wp-elements-4c4a10c2793d55f38bf464ea4107c181\">Esta promoci\u00f3n tambi\u00e9n se aplica a estancias m\u00e1s largas de <strong>14, 21 o m\u00e1s noches<\/strong>. <\/p>\n\n\n\n<p class=\"has-text-align-center has-accent-color has-text-color has-link-color wp-elements-48e187165f6231feedca3e018f74aec7\">\u00a1Cuanto m\u00e1s tiempo os qued\u00e9is, m\u00e1s ahorr\u00e1is!<\/p>\n\n\n\n<p class=\"has-text-align-center has-accent-color has-text-color has-link-color wp-elements-c4c35e2cacd6c515fee57d5bbec0d027\"><em>Oferta v\u00e1lida del 01 de abril al 25 de julio y del 22 de agosto al 31 de octubre (descuento aplicado sobre el precio medio base de la estancia, sin suplementos).<\/em><\/p>\n<\/div>\n<\/div>\n\n\n\n<div class=\"wp-block-column is-vertically-aligned-center col-heberg animated fadeIn o-anim-custom-delay o-anim-value-delay-400ms slow has-border-color is-layout-flow wp-block-column-is-layout-flow\" style=\"border-color:#af9d85;border-width:1px;border-top-left-radius:180px;border-top-right-radius:180px;border-bottom-left-radius:180px;border-bottom-right-radius:180px;flex-basis:330px\">\n<div class=\"wp-block-group has-global-padding is-layout-constrained wp-container-core-group-is-layout-70fb5761 wp-block-group-is-layout-constrained\" style=\"border-style:none;border-width:0px;padding-top:8rem;padding-right:10px;padding-bottom:8rem;padding-left:10px\">\n<p class=\"has-text-align-center has-accent-color has-text-color has-link-color has-medium-font-size wp-elements-192a0380ae5b6e3ace839e1fce4f02a9\" style=\"text-transform:uppercase\">Programa de fidelidad<\/p>\n\n\n\n<p class=\"has-text-align-center has-accent-color has-text-color has-link-color has-molentta-font-family wp-elements-16ad9661d285862863db99025ae14eab\" style=\"font-size:clamp(19.481px, 1.218rem + ((1vw - 3.2px) * 1.2), 31px);line-height:1\">  Puntos ardilla<\/p>\n\n\n\n<p class=\"has-text-align-center has-accent-color has-text-color has-link-color wp-elements-4cdabdec997462244f864eff63cfb32e\">Por cada tramo de 10 \u20ac gastados (sin suplementos), acumul\u00e1is <strong>1 punto Ardilla<\/strong>. <\/p>\n\n\n\n<p class=\"has-text-align-center has-accent-color has-text-color has-link-color wp-elements-d43503574bbbdb383a2d882b216203b7\">A partir de <strong>50 puntos<\/strong>, obtienes <strong>50 euros de descuento<\/strong> en tu pr\u00f3xima estancia. Los puntos se gestionan directamente en tu cuenta de cliente.   <\/p>\n\n\n\n<p class=\"has-text-align-center has-accent-color has-text-color has-link-color wp-elements-2c4ae9a9e49556928f6253b6a2d0230d\"><em>Los puntos son personales e intransferibles. Si no realiz\u00e1is ninguna estancia durante 3 a\u00f1os, caducar\u00e1n autom\u00e1ticamente.<\/em><\/p>\n<\/div>\n<\/div>\n<\/div>\n\n\n\n<div style=\"height:29px\" aria-hidden=\"true\" class=\"wp-block-spacer gt-hide-mobile\"><\/div>\n\n\n\n<figure class=\"wp-block-image aligncenter size-full is-resized sep-haut\" style=\"margin-top:var(--wp--preset--spacing--10)\"><img decoding=\"async\" src=\"https:\/\/www.euronat.com\/wp-content\/uploads\/2025\/12\/trait-haut.svg\" alt=\"trait haut\" class=\"wp-image-350\" style=\"aspect-ratio:0.10949529512403763;object-fit:cover;width:20px;height:auto\"\/><\/figure>\n<\/section>\n\n<section class=\"wp-block-group alignfull section-village section-2 has-background has-global-padding is-layout-constrained wp-container-core-group-is-layout-c4f6a068 wp-block-group-is-layout-constrained\" id=\"early-booking\" style=\"background-color:#af9d8533;margin-top:0px\">\n<figure class=\"wp-block-image aligncenter size-full is-resized sep-bas\" style=\"margin-bottom:var(--wp--preset--spacing--10)\"><img decoding=\"async\" src=\"https:\/\/www.euronat.com\/wp-content\/uploads\/2025\/12\/trait-1.svg\" alt=\"trait\" class=\"wp-image-337\" style=\"aspect-ratio:0.10949529512403763;object-fit:cover;width:20px;height:auto\"\/><\/figure>\n\n\n\n<h2 class=\"wp-block-heading has-text-align-center has-contrast-2-color has-text-color has-link-color wp-elements-65eea3d1500a4c18049c1fbf6c1604c7\" style=\"font-size:clamp(1.743rem, 1.743rem + ((1vw - 0.2rem) * 2.095), 3rem);\"><em>EARLY BOOKING 2027<\/em><\/h2>\n\n\n\n<figure class=\"wp-block-image aligncenter size-full\"><img decoding=\"async\" width=\"100\" height=\"32\" src=\"https:\/\/www.euronat.com\/wp-content\/uploads\/2025\/12\/separation-cercles-bis.png\" alt=\"separation cercles bis\" class=\"wp-image-367\"\/><\/figure>\n\n\n\n<div class=\"wp-block-columns are-vertically-aligned-top is-layout-flex wp-container-core-columns-is-layout-28f84493 wp-block-columns-is-layout-flex\">\n<div class=\"wp-block-column is-vertically-aligned-top is-layout-flow wp-block-column-is-layout-flow\" style=\"border-top-color:var(--wp--preset--color--accent);border-top-width:1px;border-bottom-color:var(--wp--preset--color--accent);border-bottom-width:1px;padding-top:var(--wp--preset--spacing--30);padding-bottom:var(--wp--preset--spacing--30)\">\n<div class=\"wp-block-columns is-layout-flex wp-container-core-columns-is-layout-5c7e6d1b wp-block-columns-is-layout-flex\" style=\"margin-top:0;margin-bottom:0;padding-top:var(--wp--preset--spacing--10);padding-bottom:var(--wp--preset--spacing--10)\">\n<div class=\"wp-block-column is-vertically-aligned-center is-layout-flow wp-container-core-column-is-layout-18b1f34c wp-block-column-is-layout-flow\" style=\"padding-top:var(--wp--preset--spacing--40);padding-bottom:var(--wp--preset--spacing--40)\">\n<div class=\"wp-block-group is-content-justification-center is-nowrap is-layout-flex wp-container-core-group-is-layout-23441af8 wp-block-group-is-layout-flex\">\n<div class=\"wp-block-group is-content-justification-center is-nowrap is-layout-flex wp-container-core-group-is-layout-23441af8 wp-block-group-is-layout-flex\">\n<p class=\"has-text-align-center has-border-color has-contrast-2-border-color has-contrast-2-color has-text-color has-link-color wp-elements-2e78e33053bbeda9d901bc07a49fd590\" style=\"border-width:1px;border-top-left-radius:50px;border-top-right-radius:50px;border-bottom-left-radius:50px;border-bottom-right-radius:50px;padding-top:14px;padding-right:32px;padding-bottom:14px;padding-left:32px;font-style:normal;font-weight:500\"><strong>\u201310% hasta el 31 de diciembre de 2026<\/strong><\/p>\n<\/div>\n<\/div>\n\n\n\n<p class=\"has-text-align-center has-contrast-2-color has-text-color has-link-color has-molentta-font-family wp-elements-413133adeafc14030591376e98e2439c\" style=\"font-size:clamp(16.293px, 1.018rem + ((1vw - 3.2px) * 0.907), 25px);text-transform:uppercase\">Early booking <strong>alojamientos<\/strong><\/p>\n\n\n\n<p class=\"has-text-align-center\"><em>La estancia debe realizarse antes del 1 de agosto.<\/em><\/p>\n\n\n\n<p class=\"has-text-align-center\"><em>El early booking no es acumulable con otras promociones.<\/em><\/p>\n\n\n\n<p class=\"has-text-align-center\"><em>La estancia debe confirmarse antes del 31 de diciembre de 2026.<\/em><\/p>\n\n\n\n<p class=\"has-text-align-center\"><em>En los Garonne 4, Garonne 4+, Tentes Bengali, Mobil-home Go\u00e9land y Mobil-Home Aigrette.<\/em><\/p>\n\n\n\n<p class=\"has-text-align-center\"><em>Para cualquier estancia de al menos una semana y que finalice como m\u00e1ximo el 31 de julio.<\/em><\/p>\n\n\n\n<p class=\"has-text-align-center\"><em>Gastos de reserva gratuitos en las dem\u00e1s estancias.<\/em><\/p>\n<\/div>\n\n\n\n<div class=\"wp-block-column is-vertically-aligned-center is-layout-flow wp-container-core-column-is-layout-18b1f34c wp-block-column-is-layout-flow\" style=\"border-left-color:var(--wp--preset--color--accent);border-left-width:1px;padding-top:var(--wp--preset--spacing--40);padding-bottom:var(--wp--preset--spacing--40)\">\n<div class=\"wp-block-group is-content-justification-center is-nowrap is-layout-flex wp-container-core-group-is-layout-23441af8 wp-block-group-is-layout-flex\">\n<div class=\"wp-block-group is-content-justification-center is-nowrap is-layout-flex wp-container-core-group-is-layout-23441af8 wp-block-group-is-layout-flex\">\n<p class=\"has-text-align-center has-border-color has-contrast-2-border-color has-contrast-2-color has-text-color\" style=\"border-width:1px;border-top-left-radius:50px;border-top-right-radius:50px;border-bottom-left-radius:50px;border-bottom-right-radius:50px;padding-top:14px;padding-right:32px;padding-bottom:14px;padding-left:32px;font-style:normal;font-weight:500\">-10% de descuento<strong>hasta el 30 de noviembre de 2026<\/strong><\/p>\n<\/div>\n<\/div>\n\n\n\n<p class=\"has-text-align-center has-contrast-2-color has-text-color has-link-color has-molentta-font-family wp-elements-48156353ff176b7e42875153c354c400\" style=\"font-size:clamp(16.293px, 1.018rem + ((1vw - 3.2px) * 0.907), 25px);text-transform:uppercase\">Early Booking parcelas<\/p>\n\n\n\n<p class=\"has-text-align-center\"><em>Para cualquier estancia de al menos una semana y que finalice como m\u00e1ximo el 31 de julio.<\/em><\/p>\n\n\n\n<p class=\"has-text-align-center\"><em>Oferta no acumulable con otras promociones.<\/em><\/p>\n\n\n\n<p class=\"has-text-align-center\"><em>Gastos de reserva gratuitos hasta el 30 de noviembre de 2026 para todas las dem\u00e1s estancias.<\/em><\/p>\n<\/div>\n<\/div>\n<\/div>\n<\/div>\n\n\n\n<figure class=\"wp-block-image aligncenter size-full is-resized sep-haut\" style=\"margin-top:var(--wp--preset--spacing--10)\"><img decoding=\"async\" src=\"https:\/\/www.euronat.com\/wp-content\/uploads\/2025\/12\/trait-haut.svg\" alt=\"trait haut\" class=\"wp-image-350\" style=\"aspect-ratio:0.10949529512403763;object-fit:cover;width:20px;height:auto\"\/><\/figure>\n<\/section>\n\n<section class=\"wp-block-group alignfull section-village has-base-background-color has-background has-global-padding is-layout-constrained wp-container-core-group-is-layout-c4f6a068 wp-block-group-is-layout-constrained\" id=\"week-end-printemps\" style=\"margin-top:0px\">\n<figure class=\"wp-block-image aligncenter size-full is-resized sep-bas\" style=\"margin-bottom:var(--wp--preset--spacing--10)\"><img decoding=\"async\" src=\"https:\/\/www.euronat.com\/wp-content\/uploads\/2025\/12\/trait-1.svg\" alt=\"trait\" class=\"wp-image-337\" style=\"aspect-ratio:0.10949529512403763;object-fit:cover;width:20px;height:auto\"\/><\/figure>\n\n\n\n<h2 class=\"wp-block-heading has-text-align-center has-contrast-2-color has-text-color has-link-color wp-elements-8aff307462764cac6506918153dfc56a\" style=\"font-size:clamp(1.743rem, 1.743rem + ((1vw - 0.2rem) * 2.095), 3rem);\">Oferta especial \u00abLos Fines de Semana de Primavera\u00bb<\/h2>\n\n\n\n<figure class=\"wp-block-image aligncenter size-full\"><img decoding=\"async\" width=\"100\" height=\"32\" src=\"https:\/\/www.euronat.com\/wp-content\/uploads\/2025\/12\/separation-cercles-bis.png\" alt=\"separation cercles bis\" class=\"wp-image-367\"\/><\/figure>\n\n\n\n<p class=\"has-text-align-center\">Para cualquier reserva a partir del 6 de febrero, de un fin de semana en Euronat:<\/p>\n\n\n\n<div class=\"wp-block-group is-content-justification-center is-nowrap is-layout-flex wp-container-core-group-is-layout-23441af8 wp-block-group-is-layout-flex\">\n<p class=\"has-text-align-center has-border-color has-contrast-2-border-color has-contrast-2-color has-text-color has-link-color wp-elements-a8fcf12a05e019f8efff1ed1164265b8\" style=\"border-width:1px;border-top-left-radius:50px;border-top-right-radius:50px;border-bottom-left-radius:50px;border-bottom-right-radius:50px;padding-top:14px;padding-right:32px;padding-bottom:14px;padding-left:32px;font-style:normal;font-weight:500\"><strong>Gastos de reserva GRATUITOS<\/strong><\/p>\n<\/div>\n\n\n\n<p class=\"has-text-align-center\">Para cualquier estancia entre el 01 de abril y el 25 de mayo de 2026 de una duraci\u00f3n m\u00ednima de 2 noches y m\u00e1xima de 5 noches.<\/p>\n\n\n\n<div style=\"height:29px\" aria-hidden=\"true\" class=\"wp-block-spacer gt-hide-mobile\"><\/div>\n\n\n\n<figure class=\"wp-block-image aligncenter size-full is-resized sep-haut\" style=\"margin-top:var(--wp--preset--spacing--10)\"><img decoding=\"async\" src=\"https:\/\/www.euronat.com\/wp-content\/uploads\/2025\/12\/trait-haut.svg\" alt=\"trait haut\" class=\"wp-image-350\" style=\"aspect-ratio:0.10949529512403763;object-fit:cover;width:20px;height:auto\"\/><\/figure>\n<\/section>\n\n<section class=\"wp-block-group alignfull section-village section-2 has-background gt-hide-mobile gt-hide-desktop has-global-padding is-layout-constrained wp-container-core-group-is-layout-c4f6a068 wp-block-group-is-layout-constrained\" id=\"last-minute\" style=\"background-color:#af9d8533;margin-top:0px\">\n<figure class=\"wp-block-image aligncenter size-full is-resized sep-bas\" style=\"margin-bottom:var(--wp--preset--spacing--10)\"><img decoding=\"async\" src=\"https:\/\/www.euronat.com\/wp-content\/uploads\/2025\/12\/trait-1.svg\" alt=\"trait\" class=\"wp-image-337\" style=\"aspect-ratio:0.10949529512403763;object-fit:cover;width:20px;height:auto\"\/><\/figure>\n\n\n\n<h2 class=\"wp-block-heading has-text-align-center has-contrast-2-color has-text-color has-link-color wp-elements-1af89d6441e3e39fa5f97e72de6ad8de\" style=\"font-size:clamp(1.743rem, 1.743rem + ((1vw - 0.2rem) * 2.095), 3rem);\"><em>LAST MINUTE EN ALOJAMIENTOS<\/em><\/h2>\n\n\n\n<figure class=\"wp-block-image aligncenter size-full\"><img decoding=\"async\" width=\"100\" height=\"32\" src=\"https:\/\/www.euronat.com\/wp-content\/uploads\/2025\/12\/separation-cercles-bis.png\" alt=\"separation cercles bis\" class=\"wp-image-367\"\/><\/figure>\n\n\n\n<p class=\"has-text-align-center\">Reserva de \u00faltima hora en last minute:<\/p>\n\n\n\n<div class=\"wp-block-group is-content-justification-center is-nowrap is-layout-flex wp-container-core-group-is-layout-23441af8 wp-block-group-is-layout-flex\">\n<p class=\"has-text-align-center has-border-color has-contrast-2-border-color has-contrast-2-color has-text-color has-link-color wp-elements-13ef2beb0cce744087acb91b6f32343d\" style=\"border-width:1px;border-top-left-radius:50px;border-top-right-radius:50px;border-bottom-left-radius:50px;border-bottom-right-radius:50px;padding-top:14px;padding-right:32px;padding-bottom:14px;padding-left:32px;font-style:normal;font-weight:500\"><strong>10% de descuento sobre el precio de vuestro alquiler<\/strong><\/p>\n<\/div>\n\n\n\n<div class=\"wp-block-buttons btn-vert jaune animated fadeIn slow is-content-justification-center is-layout-flex wp-container-core-buttons-is-layout-ecbad910 wp-block-buttons-is-layout-flex\" style=\"padding-top:var(--wp--preset--spacing--20);padding-bottom:var(--wp--preset--spacing--20)\">\n<div class=\"wp-block-button\"><a class=\"wp-block-button__link has-accent-5-background-color has-background wp-element-button\" style=\"border-top-left-radius:100px;border-top-right-radius:100px;border-bottom-left-radius:100px;border-bottom-right-radius:100px;padding-top:14px;padding-right:32px;padding-bottom:14px;padding-left:32px;text-transform:uppercase\">ver las condiciones (ver enlace)<\/a><\/div>\n<\/div>\n\n\n\n<p class=\"has-text-align-center\">\u00a1A partir del XX JULIO!<\/p>\n\n\n\n<figure class=\"wp-block-image aligncenter size-full is-resized sep-haut\" style=\"margin-top:var(--wp--preset--spacing--10)\"><img decoding=\"async\" src=\"https:\/\/www.euronat.com\/wp-content\/uploads\/2025\/12\/trait-haut.svg\" alt=\"trait haut\" class=\"wp-image-350\" style=\"aspect-ratio:0.10949529512403763;object-fit:cover;width:20px;height:auto\"\/><\/figure>\n<\/section>\n\n<section class=\"wp-block-group section-cta has-base-2-background-color has-background has-global-padding is-layout-constrained wp-block-group-is-layout-constrained\" style=\"margin-top:0px;margin-bottom:0px;padding-top:0;padding-bottom:0\">\n<figure class=\"wp-block-image aligncenter size-full is-resized sep-bas\" style=\"margin-bottom:var(--wp--preset--spacing--10)\"><img decoding=\"async\" src=\"https:\/\/www.euronat.com\/wp-content\/uploads\/2025\/12\/trait-1.svg\" alt=\"trait\" class=\"wp-image-337\" style=\"aspect-ratio:0.10949529512403763;object-fit:cover;width:20px;height:auto\"\/><\/figure>\n\n\n\n<div class=\"wp-block-group alignwide has-global-padding is-layout-constrained wp-container-core-group-is-layout-f36bc466 wp-block-group-is-layout-constrained\">\n<p class=\"has-text-align-center has-contrast-2-color has-text-color has-link-color has-molentta-font-family wp-elements-eda8096b82c008dde3e054216c1c7e3f\" style=\"font-size:clamp(1.743rem, 1.743rem + ((1vw - 0.2rem) * 2.095), 3rem);line-height:1.2\">Vuestras pr\u00f3ximas vacaciones<\/p>\n<\/div>\n\n\n\n<figure class=\"wp-block-image aligncenter size-full\"><img decoding=\"async\" width=\"100\" height=\"32\" src=\"https:\/\/www.euronat.com\/wp-content\/uploads\/2025\/12\/separation-cercles-bis.png\" alt=\"separation cercles bis\" class=\"wp-image-367\"\/><\/figure>\n\n\n\n<div data-swiper=\"{&quot;speed&quot;:400,&quot;spaceBetween&quot;:16,&quot;slidesPerView&quot;:3,&quot;createElements&quot;:true,&quot;loop&quot;:true,&quot;freemode&quot;:true,&quot;navigation&quot;:{&quot;nextEl&quot;:false,&quot;prevEl&quot;:false},&quot;pagination&quot;:{&quot;el&quot;:&quot;.swiper-pagination&quot;,&quot;dynamicBullets&quot;:false},&quot;breakpoints&quot;:{&quot;0&quot;:{&quot;slidesPerView&quot;:1},&quot;380&quot;:{&quot;slidesPerView&quot;:1},&quot;720&quot;:{&quot;slidesPerView&quot;:2},&quot;1024&quot;:{&quot;slidesPerView&quot;:3},&quot;1350&quot;:{&quot;slidesPerView&quot;:3}},&quot;autoplay&quot;:true,&quot;delay&quot;:3000}\" data-wp-context=\"{}\" data-wp-interactive=\"core\/query\" data-wp-key=\"0\" data-wp-router-region=\"query-0\" class=\"wp-block-query alignwide gt-fse-maillage-query gt-is-slider gt-is-slider-mobile is-layout-flow wp-block-query-is-layout-flow\"><ul style=\"margin-top:0;margin-bottom:0;\" class=\"columns-4 gt-maillage wp-block-post-template is-layout-grid wp-container-core-post-template-is-layout-7c366fae wp-block-post-template-is-layout-grid\"><li data-wp-key=\"post-template-item-8595\" class=\"wp-block-post post-8595 page type-page status-publish has-post-thumbnail hentry\">\n\n<figure class=\"wp-block-image has-custom-border gt-maillage__image\"><img decoding=\"async\" src=\"https:\/\/www.euronat.com\/wp-content\/uploads\/2026\/01\/offre-locations-euronat-camping-naturiste.jpg\" alt=\"C\u00f4t\u00e9 Camping\" style=\"border-style:none;border-width:0px;border-top-left-radius:160px;border-top-right-radius:160px;border-bottom-left-radius:160px;border-bottom-right-radius:160px;aspect-ratio:2\/3;object-fit:cover\"\/><\/figure>\n\n\n\n<div class=\"wp-block-group has-global-padding is-layout-constrained wp-container-core-group-is-layout-3ced0f2d wp-block-group-is-layout-constrained\" style=\"border-style:none;border-width:0px;margin-top:-310px;padding-top:var(--wp--preset--spacing--10);padding-right:var(--wp--preset--spacing--10);padding-bottom:var(--wp--preset--spacing--10);padding-left:var(--wp--preset--spacing--20)\">\n<p class=\"has-text-align-center has-base-color has-text-color has-link-color has-molentta-font-family wp-elements-c3e5bc17bf78ea85076eb6ae2c3c5a77\" style=\"border-style:none;border-width:0px;border-top-left-radius:250px;border-top-right-radius:250px;border-bottom-left-radius:250px;border-bottom-right-radius:250px;padding-top:12px;padding-right:25px;padding-bottom:12px;padding-left:25px;font-size:clamp(19.481px, 1.218rem + ((1vw - 3.2px) * 1.2), 31px);font-style:normal;font-weight:400;line-height:1;text-decoration:none;text-transform:none\">C\u00f4t\u00e9 Camping<\/p>\n<\/div>\n\n\n<a class=\"is-style-lien-cover wp-block-read-more\" href=\"https:\/\/www.euronat.com\/es\/alquiler-mobil-home-naturista-gironde\/\" target=\"_self\">Leer m\u00e1s<span class=\"screen-reader-text\">: C\u00f4t\u00e9 Camping<\/span><\/a>\n<\/li><li data-wp-key=\"post-template-item-9222\" class=\"wp-block-post post-9222 page type-page status-publish has-post-thumbnail hentry\">\n\n<figure class=\"wp-block-image has-custom-border gt-maillage__image\"><img decoding=\"async\" src=\"https:\/\/www.euronat.com\/wp-content\/uploads\/2026\/02\/cote-village-ou-plage.jpg\" alt=\"C\u00f4t\u00e9 village o plage\" style=\"border-style:none;border-width:0px;border-top-left-radius:160px;border-top-right-radius:160px;border-bottom-left-radius:160px;border-bottom-right-radius:160px;aspect-ratio:2\/3;object-fit:cover\"\/><\/figure>\n\n\n\n<div class=\"wp-block-group has-global-padding is-layout-constrained wp-container-core-group-is-layout-3ced0f2d wp-block-group-is-layout-constrained\" style=\"border-style:none;border-width:0px;margin-top:-310px;padding-top:var(--wp--preset--spacing--10);padding-right:var(--wp--preset--spacing--10);padding-bottom:var(--wp--preset--spacing--10);padding-left:var(--wp--preset--spacing--20)\">\n<p class=\"has-text-align-center has-base-color has-text-color has-link-color has-molentta-font-family wp-elements-c3e5bc17bf78ea85076eb6ae2c3c5a77\" style=\"border-style:none;border-width:0px;border-top-left-radius:250px;border-top-right-radius:250px;border-bottom-left-radius:250px;border-bottom-right-radius:250px;padding-top:12px;padding-right:25px;padding-bottom:12px;padding-left:25px;font-size:clamp(19.481px, 1.218rem + ((1vw - 3.2px) * 1.2), 31px);font-style:normal;font-weight:400;line-height:1;text-decoration:none;text-transform:none\">C\u00f4t\u00e9 Village o Plage<\/p>\n<\/div>\n\n\n<a class=\"is-style-lien-cover wp-block-read-more\" href=\"https:\/\/www.euronat.com\/es\/alojamiento-naturista-gironde\/\" target=\"_self\">Leer m\u00e1s<span class=\"screen-reader-text\">: C\u00f4t\u00e9 Village o Plage<\/span><\/a>\n<\/li><li data-wp-key=\"post-template-item-8585\" class=\"wp-block-post post-8585 page type-page status-publish has-post-thumbnail hentry\">\n\n<figure class=\"wp-block-image has-custom-border gt-maillage__image\"><img decoding=\"async\" src=\"https:\/\/www.euronat.com\/wp-content\/uploads\/2026\/02\/emplacement-caravaning-naturiste.jpg\" alt=\"parcela de caravanos o autocaravanas naturista\" style=\"border-style:none;border-width:0px;border-top-left-radius:160px;border-top-right-radius:160px;border-bottom-left-radius:160px;border-bottom-right-radius:160px;aspect-ratio:2\/3;object-fit:cover\"\/><\/figure>\n\n\n\n<div class=\"wp-block-group has-global-padding is-layout-constrained wp-container-core-group-is-layout-3ced0f2d wp-block-group-is-layout-constrained\" style=\"border-style:none;border-width:0px;margin-top:-310px;padding-top:var(--wp--preset--spacing--10);padding-right:var(--wp--preset--spacing--10);padding-bottom:var(--wp--preset--spacing--10);padding-left:var(--wp--preset--spacing--20)\">\n<p class=\"has-text-align-center has-base-color has-text-color has-link-color has-molentta-font-family wp-elements-c3e5bc17bf78ea85076eb6ae2c3c5a77\" style=\"border-style:none;border-width:0px;border-top-left-radius:250px;border-top-right-radius:250px;border-bottom-left-radius:250px;border-bottom-right-radius:250px;padding-top:12px;padding-right:25px;padding-bottom:12px;padding-left:25px;font-size:clamp(19.481px, 1.218rem + ((1vw - 3.2px) * 1.2), 31px);font-style:normal;font-weight:400;line-height:1;text-decoration:none;text-transform:none\">Parcelas<\/p>\n<\/div>\n\n\n<a class=\"is-style-lien-cover wp-block-read-more\" href=\"https:\/\/www.euronat.com\/es\/alquiler-parcela-naturista\/\" target=\"_self\">Leer m\u00e1s<span class=\"screen-reader-text\">: Parcelas<\/span><\/a>\n<\/li><li data-wp-key=\"post-template-item-9505\" class=\"wp-block-post post-9505 page type-page status-publish has-post-thumbnail hentry\">\n\n<figure class=\"wp-block-image has-custom-border gt-maillage__image\"><img decoding=\"async\" src=\"https:\/\/www.euronat.com\/wp-content\/uploads\/2026\/02\/camping-naturiste-pas-cher.jpg\" alt=\"camping naturista barato\" style=\"border-style:none;border-width:0px;border-top-left-radius:160px;border-top-right-radius:160px;border-bottom-left-radius:160px;border-bottom-right-radius:160px;aspect-ratio:2\/3;object-fit:cover\"\/><\/figure>\n\n\n\n<div class=\"wp-block-group has-global-padding is-layout-constrained wp-container-core-group-is-layout-3ced0f2d wp-block-group-is-layout-constrained\" style=\"border-style:none;border-width:0px;margin-top:-310px;padding-top:var(--wp--preset--spacing--10);padding-right:var(--wp--preset--spacing--10);padding-bottom:var(--wp--preset--spacing--10);padding-left:var(--wp--preset--spacing--20)\">\n<p class=\"has-text-align-center has-base-color has-text-color has-link-color has-molentta-font-family wp-elements-c3e5bc17bf78ea85076eb6ae2c3c5a77\" style=\"border-style:none;border-width:0px;border-top-left-radius:250px;border-top-right-radius:250px;border-bottom-left-radius:250px;border-bottom-right-radius:250px;padding-top:12px;padding-right:25px;padding-bottom:12px;padding-left:25px;font-size:clamp(19.481px, 1.218rem + ((1vw - 3.2px) * 1.2), 31px);font-style:normal;font-weight:400;line-height:1;text-decoration:none;text-transform:none\">Promociones<\/p>\n<\/div>\n\n\n<a class=\"is-style-lien-cover wp-block-read-more\" href=\"https:\/\/www.euronat.com\/es\/camping-naturista-economico-ofertas\/\" target=\"_self\">Leer m\u00e1s<span class=\"screen-reader-text\">: Ofertas especiales<\/span><\/a>\n<\/li><\/ul><\/div>\n\n\n\n<figure class=\"wp-block-image aligncenter size-full is-resized sep-haut\" style=\"margin-top:var(--wp--preset--spacing--10)\"><img decoding=\"async\" src=\"https:\/\/www.euronat.com\/wp-content\/uploads\/2025\/12\/trait-haut.svg\" alt=\"trait haut\" class=\"wp-image-350\" style=\"aspect-ratio:0.10949529512403763;object-fit:cover;width:20px;height:auto\"\/><\/figure>\n<\/section>\n","protected":false},"excerpt":{"rendered":"<p>Promociones y ofertas especiales Camping naturista barato en Gironda \u00bfCon ganas de unas vacaciones en plena naturaleza, al mejor precio?Euronat, nuestro camping naturista en Gironde, os ofrece atractivas promociones a lo largo de toda la temporada. Tanto si opt\u00e1is por un alojamiento en C\u00f4t\u00e9 Village o C\u00f4t\u00e9 Plage como por una parcela de camping o [&hellip;]<\/p>\n","protected":false},"author":1,"featured_media":9450,"parent":0,"menu_order":0,"comment_status":"closed","ping_status":"closed","template":"","meta":{"_seopress_robots_primary_cat":"","_seopress_titles_title":"Camping naturista barato en Gironde, Francia","_seopress_titles_desc":"Las promociones y ofertas especiales de Euronat duran casi toda la temporada, tanto para el alojamiento como para el camping\/caravanas.","_seopress_robots_index":"","_gt_ctv_global_id":"274","_gt_ctv_id_group":false,"inline_featured_image":false,"gt_fse_maillage_image":"https:\/\/www.euronat.com\/wp-content\/uploads\/2026\/02\/camping-naturiste-pas-cher.jpg","gt_fse_maillage_titre":"Promociones","gt_fse_maillage_alt":"camping naturista barato","gt_fse_maillage_resume":"","footnotes":""},"categories":[],"tags":[],"class_list":["post-9505","page","type-page","status-publish","has-post-thumbnail","hentry"],"_links":{"self":[{"href":"https:\/\/www.euronat.com\/es\/wp-json\/wp\/v2\/pages\/9505","targetHints":{"allow":["GET"]}}],"collection":[{"href":"https:\/\/www.euronat.com\/es\/wp-json\/wp\/v2\/pages"}],"about":[{"href":"https:\/\/www.euronat.com\/es\/wp-json\/wp\/v2\/types\/page"}],"author":[{"embeddable":true,"href":"https:\/\/www.euronat.com\/es\/wp-json\/wp\/v2\/users\/1"}],"replies":[{"embeddable":true,"href":"https:\/\/www.euronat.com\/es\/wp-json\/wp\/v2\/comments?post=9505"}],"version-history":[{"count":15,"href":"https:\/\/www.euronat.com\/es\/wp-json\/wp\/v2\/pages\/9505\/revisions"}],"predecessor-version":[{"id":15795,"href":"https:\/\/www.euronat.com\/es\/wp-json\/wp\/v2\/pages\/9505\/revisions\/15795"}],"wp:featuredmedia":[{"embeddable":true,"href":"https:\/\/www.euronat.com\/es\/wp-json\/wp\/v2\/media\/9450"}],"wp:attachment":[{"href":"https:\/\/www.euronat.com\/es\/wp-json\/wp\/v2\/media?parent=9505"}],"wp:term":[{"taxonomy":"category","embeddable":true,"href":"https:\/\/www.euronat.com\/es\/wp-json\/wp\/v2\/categories?post=9505"},{"taxonomy":"post_tag","embeddable":true,"href":"https:\/\/www.euronat.com\/es\/wp-json\/wp\/v2\/tags?post=9505"}],"curies":[{"name":"wp","href":"https:\/\/api.w.org\/{rel}","templated":true}]}}